{"id":652,"date":"2025-09-25T11:32:45","date_gmt":"2025-09-25T09:32:45","guid":{"rendered":"https:\/\/www.weihnachten-an-der-spree.de\/?post_type=angebot&#038;p=652"},"modified":"2026-04-30T17:09:50","modified_gmt":"2026-04-30T15:09:50","slug":"heated-vip-tent","status":"publish","type":"angebot","link":"https:\/\/www.weihnachten-an-der-spree.de\/en\/angebot\/beheiztes-vip-zelt\/","title":{"rendered":"Heated VIP tent"},"content":{"rendered":"<div class=\"wp-block-group alignwide has-palette-color-3-background-color has-background is-layout-constrained wp-block-group-is-layout-constrained\">\n<div class=\"wp-block-columns has-palette-color-8-color has-text-color has-link-color wp-elements-c16a3fdec059f87b83a161c5eb86904e is-layout-flex wp-container-core-columns-is-layout-28f84493 wp-block-columns-is-layout-flex\">\n<div class=\"wp-block-column is-layout-flow wp-block-column-is-layout-flow\">\n<div class=\"wp-block-group w-100 h-100 overflow-hidden is-vertical is-layout-flex wp-container-core-group-is-layout-fe9cc265 wp-block-group-is-layout-flex\" style=\"border-radius:10px;min-height:100%\">\n<div class=\"wp-block-cover is-light has-custom-content-position is-position-bottom-center w-100 h-100 snowfall is-style-kenburns\" style=\"border-radius:0px;min-height:100%;aspect-ratio:unset;\"><img loading=\"lazy\" decoding=\"async\" width=\"1920\" height=\"1280\" class=\"wp-block-cover__image-background wp-image-1203 size-full\" alt=\"\" src=\"https:\/\/www.weihnachten-an-der-spree.de\/wp-content\/uploads\/2026\/02\/2025-12-04-04-12-Weihnachten-an-der-Spree-offenblende-KEVI-0127-vip-zelt.jpg\" data-object-fit=\"cover\" srcset=\"https:\/\/www.weihnachten-an-der-spree.de\/wp-content\/uploads\/2026\/02\/2025-12-04-04-12-Weihnachten-an-der-Spree-offenblende-KEVI-0127-vip-zelt.jpg 1920w, https:\/\/www.weihnachten-an-der-spree.de\/wp-content\/uploads\/2026\/02\/2025-12-04-04-12-Weihnachten-an-der-Spree-offenblende-KEVI-0127-vip-zelt-768x512.jpg 768w, https:\/\/www.weihnachten-an-der-spree.de\/wp-content\/uploads\/2026\/02\/2025-12-04-04-12-Weihnachten-an-der-Spree-offenblende-KEVI-0127-vip-zelt-1280x853.jpg 1280w, https:\/\/www.weihnachten-an-der-spree.de\/wp-content\/uploads\/2026\/02\/2025-12-04-04-12-Weihnachten-an-der-Spree-offenblende-KEVI-0127-vip-zelt-300x200.jpg 300w\" sizes=\"auto, (max-width: 1920px) 100vw, 1920px\" \/><span aria-hidden=\"true\" class=\"wp-block-cover__background has-background-dim-0 has-background-dim\" style=\"background-color:#aa8b75\"><\/span><div class=\"wp-block-cover__inner-container is-layout-constrained wp-block-cover-is-layout-constrained\">\n<div style=\"aspect-ratio:16\/9;min-height:unset;\" class=\"wp-block-cover is-light has-aspect-ratio\"><span aria-hidden=\"true\" class=\"wp-block-cover__background has-palette-color-8-background-color has-background-dim-0 has-background-dim\"><\/span><div class=\"wp-block-cover__inner-container is-layout-constrained wp-block-cover-is-layout-constrained\">\n<p class=\"has-text-align-center has-large-font-size\"><\/p>\n<\/div><\/div>\n\n\n\n<div class=\"wp-block-group is-content-justification-right is-layout-constrained wp-container-core-group-is-layout-f75d37d1 wp-block-group-is-layout-constrained\">\n<div class=\"wp-block-cover has-palette-color-4-color has-text-color has-link-color wp-elements-3722ec32e1b23d5cb0f8148a0a8837b1 has-aspect-ratio\" style=\"--sal-delay: 0s; --sal-duration: 1s; border-top-left-radius:100px;border-top-right-radius:100px;border-bottom-left-radius:100px;border-bottom-right-radius:0px;padding-top:0;padding-right:0;padding-bottom:0;padding-left:0;aspect-ratio:1;min-height:unset;\" data-sal=\"slide-left\"><span aria-hidden=\"true\" class=\"wp-block-cover__background has-palette-color-9-background-color has-background-dim-100 has-background-dim\"><\/span><div class=\"wp-block-cover__inner-container is-layout-flow wp-block-cover-is-layout-flow\">\n<div class=\"wp-block-group is-vertical is-content-justification-center is-layout-flex wp-container-core-group-is-layout-b6296368 wp-block-group-is-layout-flex\" style=\"padding-top:0;padding-right:0;padding-bottom:0;padding-left:var(--wp--preset--spacing--40)\">\n<p class=\"has-text-align-right\">Already from<\/p>\n\n\n\n<div class=\"wp-block-group is-nowrap is-layout-flex wp-container-core-group-is-layout-c0d5ccf6 wp-block-group-is-layout-flex\">\n<p class=\"has-text-align-right\" style=\"font-size:clamp(1.092em, 1.092rem + ((1vw - 0.2em) * 0.76), 1.7em);font-style:normal;font-weight:700;line-height:1\">67,00<\/p>\n\n\n\n<p><sup>\u20ac<\/sup><\/p>\n<\/div>\n<\/div>\n<\/div><\/div>\n<\/div>\n<\/div><\/div>\n<\/div>\n<\/div>\n\n\n\n<div class=\"wp-block-column is-vertically-aligned-center is-layout-flow wp-block-column-is-layout-flow\">\n<div class=\"wp-block-group is-content-justification-left is-layout-constrained wp-container-core-group-is-layout-dc37ffa9 wp-block-group-is-layout-constrained\">\n<h1 class=\"wp-block-heading\">All-inclusive VIP ticket for the Christmas market<\/h1>\n<\/div>\n\n\n\n<h4 class=\"wp-block-heading\">Take a seat in the heated VIP tent!<\/h4>\n\n\n\n<p>Experience the Christmas market with exclusive benefits! With our VIP ticket, you will be admitted from 5 p.m. via a separate entrance with no waiting time and access to our heated VIP tent. There you will find cosy seating at benches and tables for your friends and colleagues, as well as your own mulled wine and drinks station.<\/p>\n<\/div>\n<\/div>\n<\/div>\n\n\n\n\n\n<div class=\"wp-block-group is-layout-constrained wp-container-core-group-is-layout-f36bc466 wp-block-group-is-layout-constrained\">\n<h2 class=\"wp-block-heading\" id=\"speisen\">What awaits you in the VIP tent<\/h2>\n\n\n\n<div class=\"wp-block-columns is-layout-flex wp-container-core-columns-is-layout-28f84493 wp-block-columns-is-layout-flex\">\n<div class=\"wp-block-column is-layout-flow wp-block-column-is-layout-flow\" style=\"flex-basis:50%\">\n<figure data-wp-context=\"{&quot;imageId&quot;:&quot;69f382a1e9624&quot;}\" data-wp-interactive=\"core\/image\" data-wp-key=\"69f382a1e9624\" class=\"wp-block-image size-medium wp-lightbox-container\"><img loading=\"lazy\" decoding=\"async\" width=\"768\" height=\"512\" data-wp-class--hide=\"state.isContentHidden\" data-wp-class--show=\"state.isContentVisible\" data-wp-init=\"callbacks.setButtonStyles\" data-wp-on--click=\"actions.showLightbox\" data-wp-on--load=\"callbacks.setButtonStyles\" data-wp-on-window--resize=\"callbacks.setButtonStyles\" src=\"https:\/\/www.weihnachten-an-der-spree.de\/wp-content\/uploads\/2026\/02\/2025-12-04-04-12-Weihnachten-an-der-Spree-offenblende-KEVI-0157-vip-zelt-768x512.jpg\" alt=\"\" class=\"wp-image-1206\" style=\"aspect-ratio:4\/3;object-fit:cover\" srcset=\"https:\/\/www.weihnachten-an-der-spree.de\/wp-content\/uploads\/2026\/02\/2025-12-04-04-12-Weihnachten-an-der-Spree-offenblende-KEVI-0157-vip-zelt-768x512.jpg 768w, https:\/\/www.weihnachten-an-der-spree.de\/wp-content\/uploads\/2026\/02\/2025-12-04-04-12-Weihnachten-an-der-Spree-offenblende-KEVI-0157-vip-zelt-1280x853.jpg 1280w, https:\/\/www.weihnachten-an-der-spree.de\/wp-content\/uploads\/2026\/02\/2025-12-04-04-12-Weihnachten-an-der-Spree-offenblende-KEVI-0157-vip-zelt-300x200.jpg 300w, https:\/\/www.weihnachten-an-der-spree.de\/wp-content\/uploads\/2026\/02\/2025-12-04-04-12-Weihnachten-an-der-Spree-offenblende-KEVI-0157-vip-zelt.jpg 1920w\" sizes=\"auto, (max-width: 768px) 100vw, 768px\" \/><button\n\t\t\tclass=\"lightbox-trigger\"\n\t\t\ttype=\"button\"\n\t\t\taria-haspopup=\"dialog\"\n\t\t\taria-label=\"Enlarge\"\n\t\t\tdata-wp-init=\"callbacks.initTriggerButton\"\n\t\t\tdata-wp-on--click=\"actions.showLightbox\"\n\t\t\tdata-wp-style--right=\"state.imageButtonRight\"\n\t\t\tdata-wp-style--top=\"state.imageButtonTop\"\n\t\t>\n\t\t\t<svg xmlns=\"http:\/\/www.w3.org\/2000\/svg\" width=\"12\" height=\"12\" fill=\"none\" viewbox=\"0 0 12 12\">\n\t\t\t\t<path fill=\"#fff\" d=\"M2 0a2 2 0 0 0-2 2v2h1.5V2a.5.5 0 0 1 .5-.5h2V0H2Zm2 10.5H2a.5.5 0 0 1-.5-.5V8H0v2a2 2 0 0 0 2 2h2v-1.5ZM8 12v-1.5h2a.5.5 0 0 0 .5-.5V8H12v2a2 2 0 0 1-2 2H8Zm2-12a2 2 0 0 1 2 2v2h-1.5V2a.5.5 0 0 0-.5-.5H8V0h2Z\" \/>\n\t\t\t<\/svg>\n\t\t<\/button><\/figure>\n<\/div>\n\n\n\n<div class=\"wp-block-column is-layout-flow wp-block-column-is-layout-flow\" style=\"flex-basis:50%\">\n<h6 class=\"wp-block-heading\">Dry and warm<\/h6>\n\n\n\n<h4 class=\"wp-block-heading\" style=\"margin-top:0\">Highlights in the VIP tent<\/h4>\n\n\n\n<ul class=\"wp-block-list\">\n<li>Access to the Christmas market from 5 pm&nbsp;<\/li>\n\n\n\n<li>Separate entrance&nbsp;<\/li>\n\n\n\n<li>Access to the heated VIP tent<\/li>\n\n\n\n<li>Seating at benches and tables<\/li>\n\n\n\n<li>Own mulled wine &amp; drinks station<\/li>\n<\/ul>\n<\/div>\n<\/div>\n\n\n\n<figure class=\"wp-block-gallery has-nested-images columns-3 is-cropped wp-block-gallery-3 is-layout-flex wp-block-gallery-is-layout-flex\">\n<figure data-wp-context=\"{&quot;imageId&quot;:&quot;69f382a1e9d75&quot;}\" data-wp-interactive=\"core\/image\" data-wp-key=\"69f382a1e9d75\" class=\"wp-block-image size-medium wp-lightbox-container\"><img loading=\"lazy\" decoding=\"async\" width=\"768\" height=\"512\" data-wp-class--hide=\"state.isContentHidden\" data-wp-class--show=\"state.isContentVisible\" data-wp-init=\"callbacks.setButtonStyles\" data-wp-on--click=\"actions.showLightbox\" data-wp-on--load=\"callbacks.setButtonStyles\" data-wp-on-window--resize=\"callbacks.setButtonStyles\" data-id=\"300\" src=\"https:\/\/www.weihnachten-an-der-spree.de\/wp-content\/uploads\/2025\/09\/20241211-SPREESPEICHER-WEIHNACHTSMARKT-OFFENBLENDE-MB-189-768x512.jpg\" alt=\"\" class=\"wp-image-300\" srcset=\"https:\/\/www.weihnachten-an-der-spree.de\/wp-content\/uploads\/2025\/09\/20241211-SPREESPEICHER-WEIHNACHTSMARKT-OFFENBLENDE-MB-189-768x512.jpg 768w, https:\/\/www.weihnachten-an-der-spree.de\/wp-content\/uploads\/2025\/09\/20241211-SPREESPEICHER-WEIHNACHTSMARKT-OFFENBLENDE-MB-189-1280x853.jpg 1280w, https:\/\/www.weihnachten-an-der-spree.de\/wp-content\/uploads\/2025\/09\/20241211-SPREESPEICHER-WEIHNACHTSMARKT-OFFENBLENDE-MB-189-300x200.jpg 300w\" sizes=\"auto, (max-width: 768px) 100vw, 768px\" \/><button\n\t\t\tclass=\"lightbox-trigger\"\n\t\t\ttype=\"button\"\n\t\t\taria-haspopup=\"dialog\"\n\t\t\taria-label=\"Enlarge\"\n\t\t\tdata-wp-init=\"callbacks.initTriggerButton\"\n\t\t\tdata-wp-on--click=\"actions.showLightbox\"\n\t\t\tdata-wp-style--right=\"state.imageButtonRight\"\n\t\t\tdata-wp-style--top=\"state.imageButtonTop\"\n\t\t>\n\t\t\t<svg xmlns=\"http:\/\/www.w3.org\/2000\/svg\" width=\"12\" height=\"12\" fill=\"none\" viewbox=\"0 0 12 12\">\n\t\t\t\t<path fill=\"#fff\" d=\"M2 0a2 2 0 0 0-2 2v2h1.5V2a.5.5 0 0 1 .5-.5h2V0H2Zm2 10.5H2a.5.5 0 0 1-.5-.5V8H0v2a2 2 0 0 0 2 2h2v-1.5ZM8 12v-1.5h2a.5.5 0 0 0 .5-.5V8H12v2a2 2 0 0 1-2 2H8Zm2-12a2 2 0 0 1 2 2v2h-1.5V2a.5.5 0 0 0-.5-.5H8V0h2Z\" \/>\n\t\t\t<\/svg>\n\t\t<\/button><\/figure>\n\n\n\n<figure data-wp-context=\"{&quot;imageId&quot;:&quot;69f382a1e9fd5&quot;}\" data-wp-interactive=\"core\/image\" data-wp-key=\"69f382a1e9fd5\" class=\"wp-block-image size-medium wp-lightbox-container\"><img loading=\"lazy\" decoding=\"async\" width=\"768\" height=\"512\" data-wp-class--hide=\"state.isContentHidden\" data-wp-class--show=\"state.isContentVisible\" data-wp-init=\"callbacks.setButtonStyles\" data-wp-on--click=\"actions.showLightbox\" data-wp-on--load=\"callbacks.setButtonStyles\" data-wp-on-window--resize=\"callbacks.setButtonStyles\" data-id=\"35\" src=\"https:\/\/www.weihnachten-an-der-spree.de\/wp-content\/uploads\/2025\/09\/20241211-SPREESPEICHER-WEIHNACHTSMARKT-OFFENBLENDE-MB-057-768x512.jpg\" alt=\"\" class=\"wp-image-35\" srcset=\"https:\/\/www.weihnachten-an-der-spree.de\/wp-content\/uploads\/2025\/09\/20241211-SPREESPEICHER-WEIHNACHTSMARKT-OFFENBLENDE-MB-057-768x512.jpg 768w, https:\/\/www.weihnachten-an-der-spree.de\/wp-content\/uploads\/2025\/09\/20241211-SPREESPEICHER-WEIHNACHTSMARKT-OFFENBLENDE-MB-057-1280x853.jpg 1280w, https:\/\/www.weihnachten-an-der-spree.de\/wp-content\/uploads\/2025\/09\/20241211-SPREESPEICHER-WEIHNACHTSMARKT-OFFENBLENDE-MB-057-1536x1024.jpg 1536w, https:\/\/www.weihnachten-an-der-spree.de\/wp-content\/uploads\/2025\/09\/20241211-SPREESPEICHER-WEIHNACHTSMARKT-OFFENBLENDE-MB-057-2048x1365.jpg 2048w\" sizes=\"auto, (max-width: 768px) 100vw, 768px\" \/><button\n\t\t\tclass=\"lightbox-trigger\"\n\t\t\ttype=\"button\"\n\t\t\taria-haspopup=\"dialog\"\n\t\t\taria-label=\"Enlarge\"\n\t\t\tdata-wp-init=\"callbacks.initTriggerButton\"\n\t\t\tdata-wp-on--click=\"actions.showLightbox\"\n\t\t\tdata-wp-style--right=\"state.imageButtonRight\"\n\t\t\tdata-wp-style--top=\"state.imageButtonTop\"\n\t\t>\n\t\t\t<svg xmlns=\"http:\/\/www.w3.org\/2000\/svg\" width=\"12\" height=\"12\" fill=\"none\" viewbox=\"0 0 12 12\">\n\t\t\t\t<path fill=\"#fff\" d=\"M2 0a2 2 0 0 0-2 2v2h1.5V2a.5.5 0 0 1 .5-.5h2V0H2Zm2 10.5H2a.5.5 0 0 1-.5-.5V8H0v2a2 2 0 0 0 2 2h2v-1.5ZM8 12v-1.5h2a.5.5 0 0 0 .5-.5V8H12v2a2 2 0 0 1-2 2H8Zm2-12a2 2 0 0 1 2 2v2h-1.5V2a.5.5 0 0 0-.5-.5H8V0h2Z\" \/>\n\t\t\t<\/svg>\n\t\t<\/button><\/figure>\n\n\n\n<figure data-wp-context=\"{&quot;imageId&quot;:&quot;69f382a1ea1e9&quot;}\" data-wp-interactive=\"core\/image\" data-wp-key=\"69f382a1ea1e9\" class=\"wp-block-image size-medium wp-lightbox-container\"><img loading=\"lazy\" decoding=\"async\" width=\"768\" height=\"511\" data-wp-class--hide=\"state.isContentHidden\" data-wp-class--show=\"state.isContentVisible\" data-wp-init=\"callbacks.setButtonStyles\" data-wp-on--click=\"actions.showLightbox\" data-wp-on--load=\"callbacks.setButtonStyles\" data-wp-on-window--resize=\"callbacks.setButtonStyles\" data-id=\"22\" src=\"https:\/\/www.weihnachten-an-der-spree.de\/wp-content\/uploads\/2025\/09\/2023-12-23-Berlin-Weihnachtsmarkt-2023-offenblende-TKR-0125-768x511.jpg\" alt=\"\" class=\"wp-image-22\" srcset=\"https:\/\/www.weihnachten-an-der-spree.de\/wp-content\/uploads\/2025\/09\/2023-12-23-Berlin-Weihnachtsmarkt-2023-offenblende-TKR-0125-768x511.jpg 768w, https:\/\/www.weihnachten-an-der-spree.de\/wp-content\/uploads\/2025\/09\/2023-12-23-Berlin-Weihnachtsmarkt-2023-offenblende-TKR-0125-1280x852.jpg 1280w, https:\/\/www.weihnachten-an-der-spree.de\/wp-content\/uploads\/2025\/09\/2023-12-23-Berlin-Weihnachtsmarkt-2023-offenblende-TKR-0125-1536x1023.jpg 1536w, https:\/\/www.weihnachten-an-der-spree.de\/wp-content\/uploads\/2025\/09\/2023-12-23-Berlin-Weihnachtsmarkt-2023-offenblende-TKR-0125-2048x1364.jpg 2048w\" sizes=\"auto, (max-width: 768px) 100vw, 768px\" \/><button\n\t\t\tclass=\"lightbox-trigger\"\n\t\t\ttype=\"button\"\n\t\t\taria-haspopup=\"dialog\"\n\t\t\taria-label=\"Enlarge\"\n\t\t\tdata-wp-init=\"callbacks.initTriggerButton\"\n\t\t\tdata-wp-on--click=\"actions.showLightbox\"\n\t\t\tdata-wp-style--right=\"state.imageButtonRight\"\n\t\t\tdata-wp-style--top=\"state.imageButtonTop\"\n\t\t>\n\t\t\t<svg xmlns=\"http:\/\/www.w3.org\/2000\/svg\" width=\"12\" height=\"12\" fill=\"none\" viewbox=\"0 0 12 12\">\n\t\t\t\t<path fill=\"#fff\" d=\"M2 0a2 2 0 0 0-2 2v2h1.5V2a.5.5 0 0 1 .5-.5h2V0H2Zm2 10.5H2a.5.5 0 0 1-.5-.5V8H0v2a2 2 0 0 0 2 2h2v-1.5ZM8 12v-1.5h2a.5.5 0 0 0 .5-.5V8H12v2a2 2 0 0 1-2 2H8Zm2-12a2 2 0 0 1 2 2v2h-1.5V2a.5.5 0 0 0-.5-.5H8V0h2Z\" \/>\n\t\t\t<\/svg>\n\t\t<\/button><\/figure>\n<\/figure>\n<\/div>","protected":false},"excerpt":{"rendered":"<p>All inclusive VIP-Ticket f\u00fcr den Weihnachtsmarkt Setzen Sie sich ins beheizte VIP-Zelt! Erleben Sie den Weihnachtsmarkt mit exklusiven Vorteilen! Mit unserem VIP-Ticket erhalten Sie Einlass ab 17 Uhr \u00fcber einen separaten Eingang ohne Wartezeit und der Zugang zu unserem beheizten VIP-Zelt. Dort erwarten Sie gem\u00fctliche Sitzgelegenheiten an B\u00e4nken und Tischen f\u00fcr Ihre Freunde und Kollegen, [&hellip;]<\/p>\n","protected":false},"featured_media":1206,"template":"","meta":{"_acf_changed":false},"class_list":["post-652","angebot","type-angebot","status-publish","has-post-thumbnail","hentry"],"blocksy_meta":{"content_style_source":"inherit","vertical_spacing_source":"custom","content_area_spacing":"bottom","styles_descriptor":{"styles":{"desktop":"","tablet":"","mobile":""},"google_fonts":[],"version":6}},"acf":[],"_links":{"self":[{"href":"https:\/\/www.weihnachten-an-der-spree.de\/en\/wp-json\/wp\/v2\/angebot\/652","targetHints":{"allow":["GET"]}}],"collection":[{"href":"https:\/\/www.weihnachten-an-der-spree.de\/en\/wp-json\/wp\/v2\/angebot"}],"about":[{"href":"https:\/\/www.weihnachten-an-der-spree.de\/en\/wp-json\/wp\/v2\/types\/angebot"}],"wp:featuredmedia":[{"embeddable":true,"href":"https:\/\/www.weihnachten-an-der-spree.de\/en\/wp-json\/wp\/v2\/media\/1206"}],"wp:attachment":[{"href":"https:\/\/www.weihnachten-an-der-spree.de\/en\/wp-json\/wp\/v2\/media?parent=652"}],"curies":[{"name":"wp","href":"https:\/\/api.w.org\/{rel}","templated":true}]}}