{"id":653,"date":"2025-09-25T11:33:10","date_gmt":"2025-09-25T09:33:10","guid":{"rendered":"https:\/\/www.weihnachten-an-der-spree.de\/?post_type=angebot&#038;p=653"},"modified":"2026-04-30T17:09:53","modified_gmt":"2026-04-30T15:09:53","slug":"christmas-market","status":"publish","type":"angebot","link":"https:\/\/www.weihnachten-an-der-spree.de\/en\/angebot\/weihnachtsmarkt\/","title":{"rendered":"Christmas market"},"content":{"rendered":"\n<div class=\"wp-block-group alignfull has-palette-color-3-background-color has-background is-layout-constrained wp-block-group-is-layout-constrained\" style=\"padding-top:var(--wp--preset--spacing--70);padding-bottom:var(--wp--preset--spacing--70)\">\n<div class=\"wp-block-columns has-palette-color-8-color has-text-color has-link-color wp-elements-0c707a0cb10e893707809e870443d619 is-layout-flex wp-container-core-columns-is-layout-28f84493 wp-block-columns-is-layout-flex\">\n<div class=\"wp-block-column is-layout-flow wp-block-column-is-layout-flow\">\n<div class=\"wp-block-group w-100 h-100 overflow-hidden is-vertical is-layout-flex wp-container-core-group-is-layout-fe9cc265 wp-block-group-is-layout-flex\" style=\"border-radius:10px;min-height:100%\">\n<div class=\"wp-block-cover is-light has-custom-content-position is-position-bottom-center w-100 h-100 snowfall is-style-kenburns\" style=\"border-radius:0px;min-height:100%;aspect-ratio:unset;\"><video class=\"wp-block-cover__video-background intrinsic-ignore\" autoplay muted loop playsinline src=\"https:\/\/www.weihnachten-an-der-spree.de\/wp-content\/uploads\/2026\/04\/Weihnachten-an-der-Spree-Markt-smaller.mp4\" data-object-fit=\"cover\"><\/video><span aria-hidden=\"true\" class=\"wp-block-cover__background has-background-dim-0 has-background-dim\" style=\"background-color:#FFF\"><\/span><div class=\"wp-block-cover__inner-container is-layout-constrained wp-block-cover-is-layout-constrained\">\n<div style=\"aspect-ratio:21\/9;min-height:unset;\" class=\"wp-block-cover is-light has-aspect-ratio\"><span aria-hidden=\"true\" class=\"wp-block-cover__background has-palette-color-8-background-color has-background-dim-0 has-background-dim\"><\/span><div class=\"wp-block-cover__inner-container is-layout-constrained wp-block-cover-is-layout-constrained\">\n<p class=\"has-text-align-center has-large-font-size\"><\/p>\n<\/div><\/div>\n\n\n\n<div class=\"wp-block-group is-content-justification-right is-layout-constrained wp-container-core-group-is-layout-f75d37d1 wp-block-group-is-layout-constrained\">\n<div class=\" wp-block-cover has-palette-color-4-color has-text-color has-link-color wp-elements-c1f6c4f663ce8c728e8d5ebff75a651c has-aspect-ratio\" style=\"--sal-delay: 0s; --sal-duration: 1s; border-top-left-radius:100px;border-top-right-radius:100px;border-bottom-left-radius:100px;border-bottom-right-radius:0px;padding-top:0;padding-right:0;padding-bottom:0;padding-left:0;aspect-ratio:1;min-height:unset;\" data-sal=\"slide-left\"><span aria-hidden=\"true\" class=\"wp-block-cover__background has-palette-color-9-background-color has-background-dim-100 has-background-dim\"><\/span><div class=\"wp-block-cover__inner-container is-layout-flow wp-block-cover-is-layout-flow\">\n<div class=\"wp-block-group is-vertical is-content-justification-center is-layout-flex wp-container-core-group-is-layout-b6296368 wp-block-group-is-layout-flex\" style=\"padding-top:0;padding-right:0;padding-bottom:0;padding-left:var(--wp--preset--spacing--40)\">\n<p class=\"has-text-align-right\">Schon ab<\/p>\n\n\n\n<div class=\"wp-block-group is-nowrap is-layout-flex wp-container-core-group-is-layout-c0d5ccf6 wp-block-group-is-layout-flex\">\n<p class=\"has-text-align-right\" style=\"font-size:clamp(1.092em, 1.092rem + ((1vw - 0.2em) * 0.76), 1.7em);font-style:normal;font-weight:700;line-height:1\">29,90<\/p>\n\n\n\n<p><sup>\u20ac<\/sup><\/p>\n<\/div>\n<\/div>\n<\/div><\/div>\n<\/div>\n<\/div><\/div>\n<\/div>\n<\/div>\n\n\n\n<div class=\"wp-block-column is-vertically-aligned-center is-layout-flow wp-block-column-is-layout-flow\">\n<div class=\"wp-block-group is-content-justification-left is-layout-constrained wp-container-core-group-is-layout-dc37ffa9 wp-block-group-is-layout-constrained\">\n<h1 class=\"wp-block-heading\">All inclusive Weihnachtsmarkt an der Spree<\/h1>\n<\/div>\n\n\n\n<h4 class=\"wp-block-heading\">Alle Speisen und Getr\u00e4nke inklusive<\/h4>\n\n\n\n<p>Kommen Sie auf unseren exklusiven Weihnachtsmarkt direkt an der Spree. Es erwarten Sie weihnachtliche K\u00f6stlichkeiten, gem\u00fctliche Sitzecken sowie die M\u00f6glichkeit, beim Baumstammnageln oder Eisstockschie\u00dfen mit Ihren Freunden oder Kollegen den Abend abzurunden.&nbsp;<\/p>\n\n\n\n<div style=\"height:32px\" aria-hidden=\"true\" class=\"wp-block-spacer\"><\/div>\n<\/div>\n<\/div>\n<\/div>\n\n\n\n\n\n<div class=\"wp-block-columns is-layout-flex wp-container-core-columns-is-layout-dbcb35d7 wp-block-columns-is-layout-flex\" style=\"margin-top:-50px;margin-bottom:var(--wp--preset--spacing--70)\">\n<div class=\"wp-block-column is-layout-flow wp-block-column-is-layout-flow\">\n<div class=\"wp-block-group has-palette-color-5-background-color has-background is-layout-constrained wp-container-core-group-is-layout-52009084 wp-block-group-is-layout-constrained\" style=\"border-radius:10px;min-height:100%;padding-top:var(--wp--preset--spacing--40);padding-right:var(--wp--preset--spacing--40);padding-bottom:var(--wp--preset--spacing--40);padding-left:var(--wp--preset--spacing--40)\">\n<h4 class=\"wp-block-heading has-text-align-center has-medium-font-size\">Weihnachtsmarkt mit M\u00e4rchenzauber<\/h4>\n\n\n\n<p class=\"has-text-align-center\">\u00dcber 20 Markth\u00fctten mit viel Auswahl f\u00fcr Jeden<\/p>\n<\/div>\n<\/div>\n\n\n\n<div class=\"wp-block-column is-layout-flow wp-block-column-is-layout-flow\">\n<div class=\"wp-block-group has-palette-color-5-background-color has-background is-layout-constrained wp-container-core-group-is-layout-52009084 wp-block-group-is-layout-constrained\" style=\"border-radius:10px;min-height:100%;padding-top:var(--wp--preset--spacing--40);padding-right:var(--wp--preset--spacing--40);padding-bottom:var(--wp--preset--spacing--40);padding-left:var(--wp--preset--spacing--40)\">\n<h4 class=\"wp-block-heading has-text-align-center has-medium-font-size\">Alles <br>inklusive<\/h4>\n\n\n\n<p class=\"has-text-align-center\">Alle Speisen &amp; Getr\u00e4nke sind im Preis enthalten.<\/p>\n<\/div>\n<\/div>\n\n\n\n<div class=\"wp-block-column is-layout-flow wp-block-column-is-layout-flow\">\n<div class=\"wp-block-group has-palette-color-5-background-color has-background is-layout-constrained wp-container-core-group-is-layout-52009084 wp-block-group-is-layout-constrained\" style=\"border-radius:10px;min-height:100%;padding-top:var(--wp--preset--spacing--40);padding-right:var(--wp--preset--spacing--40);padding-bottom:var(--wp--preset--spacing--40);padding-left:var(--wp--preset--spacing--40)\">\n<h4 class=\"wp-block-heading has-text-align-center has-medium-font-size\">Gem\u00fctliche<br>Weihnachts\u00adstimmung<\/h4>\n\n\n\n<p class=\"has-text-align-center\">Lichterglanz, Tannenduft &amp; stilvolles Ambiente<\/p>\n<\/div>\n<\/div>\n\n\n\n<div class=\"wp-block-column is-layout-flow wp-block-column-is-layout-flow\">\n<div class=\"wp-block-group has-palette-color-5-background-color has-background is-layout-constrained wp-container-core-group-is-layout-52009084 wp-block-group-is-layout-constrained\" style=\"border-radius:10px;min-height:100%;padding-top:var(--wp--preset--spacing--40);padding-right:var(--wp--preset--spacing--40);padding-bottom:var(--wp--preset--spacing--40);padding-left:var(--wp--preset--spacing--40)\">\n<h4 class=\"wp-block-heading has-text-align-center has-medium-font-size\">Atemberaubender Ausblick<\/h4>\n\n\n\n<p class=\"has-text-align-center\">Direkte Lage unter der Oberbaumbr\u00fccke<\/p>\n<\/div>\n<\/div>\n<\/div>\n\n\n\n<div class=\"wp-block-columns is-style-flip has-palette-color-3-background-color has-background is-layout-flex wp-container-core-columns-is-layout-28f84493 wp-block-columns-is-layout-flex\">\n<div class=\"wp-block-column is-layout-flow wp-block-column-is-layout-flow\" style=\"flex-basis:33.33%\">\n<h2 class=\"wp-block-heading has-palette-color-8-color has-text-color has-link-color wp-elements-f0666372b32768ddcc729a4d15a5a2b9\">Unsere Tickets<\/h2>\n\n\n\n<p class=\"has-palette-color-8-color has-text-color has-link-color wp-elements-aa1d326dd02303298304269f6af91526\">Hier finden Sie eine \u00dcbersicht \u00fcber die Buchungsoptionen f\u00fcr den All-Inclusive Weihnachtsmarkt Weihnachten an der Spree. <\/p>\n<\/div>\n\n\n\n<div class=\"wp-block-column is-layout-flow wp-block-column-is-layout-flow\" style=\"flex-basis:33.33%\">\n<div class=\"wp-block-group has-palette-color-5-background-color has-background is-layout-constrained wp-container-core-group-is-layout-c06d165c wp-block-group-is-layout-constrained\" style=\"border-top-left-radius:10px;border-top-right-radius:10px;border-bottom-left-radius:10px;border-bottom-right-radius:10px;padding-top:0;padding-right:0;padding-bottom:0;padding-left:0\">\n<figure class=\"wp-block-image size-large has-custom-border\"><img loading=\"lazy\" decoding=\"async\" width=\"1280\" height=\"853\" src=\"https:\/\/www.weihnachten-an-der-spree.de\/wp-content\/uploads\/2026\/02\/2025-12-04-04-12-Weihnachten-an-der-Spree-offenblende-KEVI-0157-vip-zelt-1280x853.jpg\" alt=\"\" class=\"wp-image-1206\" style=\"border-bottom-left-radius:0px;border-bottom-right-radius:0px\" srcset=\"https:\/\/www.weihnachten-an-der-spree.de\/wp-content\/uploads\/2026\/02\/2025-12-04-04-12-Weihnachten-an-der-Spree-offenblende-KEVI-0157-vip-zelt-1280x853.jpg 1280w, https:\/\/www.weihnachten-an-der-spree.de\/wp-content\/uploads\/2026\/02\/2025-12-04-04-12-Weihnachten-an-der-Spree-offenblende-KEVI-0157-vip-zelt-768x512.jpg 768w, https:\/\/www.weihnachten-an-der-spree.de\/wp-content\/uploads\/2026\/02\/2025-12-04-04-12-Weihnachten-an-der-Spree-offenblende-KEVI-0157-vip-zelt-300x200.jpg 300w, https:\/\/www.weihnachten-an-der-spree.de\/wp-content\/uploads\/2026\/02\/2025-12-04-04-12-Weihnachten-an-der-Spree-offenblende-KEVI-0157-vip-zelt.jpg 1920w\" sizes=\"auto, (max-width: 1280px) 100vw, 1280px\" \/><\/figure>\n\n\n\n<h3 class=\"wp-block-heading has-medium-font-size\" style=\"padding-right:var(--wp--preset--spacing--40);padding-left:var(--wp--preset--spacing--40);font-style:normal;font-weight:700\">VIP-Ticket<\/h3>\n\n\n\n<p class=\"has-palette-color-4-color has-text-color has-link-color wp-elements-af6dabb4e2453725d13073f9e4ba80be\" style=\"padding-right:var(--wp--preset--spacing--40);padding-left:var(--wp--preset--spacing--40)\">\u2714\ufe0f Zugang zum Weihnachtsmarkt<br>\u2714\ufe0f Sitzpl\u00e4tze an B\u00e4nken und Tischen<br>\u2714\ufe0f Zugang zum beheizten VIP-Zelt<br>\u2714\ufe0f Alle Speisen &amp; Getr\u00e4nke inklusive<\/p>\n\n\n\n<p><\/p>\n<\/div>\n<\/div>\n\n\n\n<div class=\"wp-block-column is-layout-flow wp-block-column-is-layout-flow\" style=\"padding-top:0;padding-right:0;padding-bottom:0;padding-left:0;flex-basis:33.33%\">\n<div class=\"wp-block-group has-palette-color-5-background-color has-background is-layout-constrained wp-container-core-group-is-layout-c06d165c wp-block-group-is-layout-constrained\" style=\"border-top-left-radius:10px;border-top-right-radius:10px;border-bottom-left-radius:10px;border-bottom-right-radius:10px;padding-top:0;padding-right:0;padding-bottom:0;padding-left:0\">\n<figure class=\"wp-block-image size-large has-custom-border\"><img loading=\"lazy\" decoding=\"async\" width=\"1280\" height=\"855\" src=\"https:\/\/www.weihnachten-an-der-spree.de\/wp-content\/uploads\/2025\/09\/20241211-SPREESPEICHER-WEIHNACHTSMARKT-OFFENBLENDE-MB-177_extended-1280x855.jpg\" alt=\"\" class=\"wp-image-75\" style=\"border-bottom-left-radius:0px;border-bottom-right-radius:0px\" srcset=\"https:\/\/www.weihnachten-an-der-spree.de\/wp-content\/uploads\/2025\/09\/20241211-SPREESPEICHER-WEIHNACHTSMARKT-OFFENBLENDE-MB-177_extended-1280x855.jpg 1280w, https:\/\/www.weihnachten-an-der-spree.de\/wp-content\/uploads\/2025\/09\/20241211-SPREESPEICHER-WEIHNACHTSMARKT-OFFENBLENDE-MB-177_extended-768x513.jpg 768w, https:\/\/www.weihnachten-an-der-spree.de\/wp-content\/uploads\/2025\/09\/20241211-SPREESPEICHER-WEIHNACHTSMARKT-OFFENBLENDE-MB-177_extended-300x200.jpg 300w\" sizes=\"auto, (max-width: 1280px) 100vw, 1280px\" \/><\/figure>\n\n\n\n<h3 class=\"wp-block-heading has-medium-font-size\" style=\"padding-right:var(--wp--preset--spacing--40);padding-left:var(--wp--preset--spacing--40);font-style:normal;font-weight:700\">Weihnachtsmarkt<\/h3>\n\n\n\n<p class=\"has-palette-color-4-color has-text-color has-link-color wp-elements-6d5ee32f8d1292016ed1155608f21d3c\" style=\"padding-right:var(--wp--preset--spacing--40);padding-left:var(--wp--preset--spacing--40)\">\u2714\ufe0f Zugang zum Weihnachtsmarkt<br>\u2714\ufe0f Ausschlie\u00dflich Outdoor<br>\u2714\ufe0f Warme Feuertonnen<br>\u2714\ufe0f Alle Speisen &amp; Getr\u00e4nke inklusive<\/p>\n\n\n\n<p><\/p>\n<\/div>\n<\/div>\n<\/div>\n\n\n\n<div class=\"wp-block-cover alignfull\" style=\"margin-bottom:0\"><img loading=\"lazy\" decoding=\"async\" width=\"1280\" height=\"853\" class=\"wp-block-cover__image-background wp-image-1517\" alt=\"\" src=\"https:\/\/www.weihnachten-an-der-spree.de\/wp-content\/uploads\/2026\/04\/2025-11-28-28-11-Weihnachten-an-der-Spree-offenblende-KEVI-0038-1280x853.jpg\" style=\"object-position:51% 28%\" data-object-fit=\"cover\" data-object-position=\"51% 28%\" srcset=\"https:\/\/www.weihnachten-an-der-spree.de\/wp-content\/uploads\/2026\/04\/2025-11-28-28-11-Weihnachten-an-der-Spree-offenblende-KEVI-0038-1280x853.jpg 1280w, https:\/\/www.weihnachten-an-der-spree.de\/wp-content\/uploads\/2026\/04\/2025-11-28-28-11-Weihnachten-an-der-Spree-offenblende-KEVI-0038-768x512.jpg 768w, https:\/\/www.weihnachten-an-der-spree.de\/wp-content\/uploads\/2026\/04\/2025-11-28-28-11-Weihnachten-an-der-Spree-offenblende-KEVI-0038-18x12.jpg 18w, https:\/\/www.weihnachten-an-der-spree.de\/wp-content\/uploads\/2026\/04\/2025-11-28-28-11-Weihnachten-an-der-Spree-offenblende-KEVI-0038-300x200.jpg 300w\" sizes=\"auto, (max-width: 1280px) 100vw, 1280px\" \/><span aria-hidden=\"true\" class=\"wp-block-cover__background has-background-dim\"><\/span><div class=\"wp-block-cover__inner-container is-layout-flow wp-block-cover-is-layout-flow\">\n<p class=\"has-text-align-center has-large-font-size\"><\/p>\n<\/div><\/div>\n\n\n\n<div class=\"wp-block-group alignfull has-palette-color-8-color has-palette-color-3-background-color has-text-color has-background has-link-color wp-elements-e4965c45047c0a37da870725cb1700af is-layout-constrained wp-block-group-is-layout-constrained\" id=\"vipzelt\">\n<div class=\"wp-block-columns is-layout-flex wp-container-core-columns-is-layout-28f84493 wp-block-columns-is-layout-flex\">\n<div class=\"wp-block-column is-layout-flow wp-block-column-is-layout-flow\" style=\"flex-basis:400px\"><div class=\"columns-1 wp-elements-1bdbe3a09712bbc4c5aeebc6e8fe1d32 wp-block-blocksy-query has-text-color has-palette-color-4-color\" data-id=\"fdae293f\"><div class=\"ct-posts-block\" data-prefix=\"angebot_archive\"><div class=\"entries\" data-archive=\"default\" data-layout=\"grid\" data-cards=\"boxed\" data-hover=\"zoom-in\"><article class=\"entry-card card-content post-652 angebot type-angebot status-publish has-post-thumbnail hentry\" ><a class=\"ct-media-container boundless-image has-hover-effect\" href=\"https:\/\/www.weihnachten-an-der-spree.de\/en\/angebot\/beheiztes-vip-zelt\/\" aria-label=\"beheiztes VIP-Zelt\"><img decoding=\"async\" width=\"768\" height=\"512\" src=\"https:\/\/www.weihnachten-an-der-spree.de\/wp-content\/uploads\/2026\/02\/2025-12-04-04-12-Weihnachten-an-der-Spree-offenblende-KEVI-0157-vip-zelt-768x512.jpg\" class=\"attachment-medium size-medium wp-post-image\" alt=\"\" loading=\"lazy\" srcset=\"https:\/\/www.weihnachten-an-der-spree.de\/wp-content\/uploads\/2026\/02\/2025-12-04-04-12-Weihnachten-an-der-Spree-offenblende-KEVI-0157-vip-zelt-768x512.jpg 768w, https:\/\/www.weihnachten-an-der-spree.de\/wp-content\/uploads\/2026\/02\/2025-12-04-04-12-Weihnachten-an-der-Spree-offenblende-KEVI-0157-vip-zelt-1280x853.jpg 1280w, https:\/\/www.weihnachten-an-der-spree.de\/wp-content\/uploads\/2026\/02\/2025-12-04-04-12-Weihnachten-an-der-Spree-offenblende-KEVI-0157-vip-zelt-300x200.jpg 300w, https:\/\/www.weihnachten-an-der-spree.de\/wp-content\/uploads\/2026\/02\/2025-12-04-04-12-Weihnachten-an-der-Spree-offenblende-KEVI-0157-vip-zelt.jpg 1920w\" sizes=\"auto, (max-width: 768px) 100vw, 768px\" itemprop=\"image\" style=\"aspect-ratio: 16\/9;\" \/><\/a><h2 class=\"entry-title\"><a href=\"https:\/\/www.weihnachten-an-der-spree.de\/en\/angebot\/beheiztes-vip-zelt\/\" rel=\"bookmark\">beheiztes VIP-Zelt<\/a><\/h2><div class=\"ct-dynamic-data-layer\" data-field=\"vorteile:lRpbe2\"><ul class=\"is-style-checkmarks\"><li>Zugang zum Weihnachtsmarkt<\/li><li>\r\nSitzpl\u00e4tze an B\u00e4nken und Tischen<\/li><li>\r\nZugang zum beheizten VIP-Zelt<\/li><li>\r\nAlle Speisen &#038; Getr\u00e4nke inklusive<\/li><\/ul><\/div><div class=\"ct-dynamic-data-layer\" data-field=\"preis:UBlFRs\">ab 67,00 \u20ac<\/div><a class=\"entry-button wp-element-button ct-button\" href=\"https:\/\/www.weihnachten-an-der-spree.de\/en\/angebot\/beheiztes-vip-zelt\/\">weiterlesen<svg width=\"17px\" height=\"17px\" viewBox=\"0 0 32 32\" fill=\"currentColor\"><path d=\"M 21.1875 9.28125 L 19.78125 10.71875 L 24.0625 15 L 4 15 L 4 17 L 24.0625 17 L 19.78125 21.28125 L 21.1875 22.71875 L 27.90625 16 Z \"><\/path><\/svg><span class=\"screen-reader-text\">beheiztes VIP-Zelt<\/span><\/a><\/article><\/div><\/div><\/div><\/div>\n\n\n\n<div class=\"wp-block-column is-vertically-aligned-center is-layout-flow wp-block-column-is-layout-flow\">\n<div class=\"wp-block-group is-nowrap is-layout-flex wp-container-core-group-is-layout-7ce07128 wp-block-group-is-layout-flex\">\n<div class=\"wp-block-group is-layout-constrained wp-block-group-is-layout-constrained\">\n<p class=\"has-text-align-left\"><strong><em>Darf es etwas mehr sein?<\/em><\/strong><\/p>\n\n\n\n<h2 class=\"wp-block-heading\" style=\"margin-top:0\"><strong>VIP-Ticket<\/strong> f\u00fcr den Weihnachtsmarkt<\/h2>\n<\/div>\n\n\n\n<div class=\"wp-block-group is-content-justification-left is-layout-constrained wp-container-core-group-is-layout-7322a030 wp-block-group-is-layout-constrained\">\n<div class=\"lmdm-clip wp-block-cover has-palette-color-4-color has-text-color has-link-color wp-elements-a080c87466f236e0e6afc1f7894bad21 has-aspect-ratio\" style=\"--sal-delay: 0s; --sal-duration: 1s; border-top-left-radius:100px;border-top-right-radius:100px;border-bottom-left-radius:0px;border-bottom-right-radius:100px;padding-top:0;padding-right:0;padding-bottom:0;padding-left:0;aspect-ratio:1;min-height:unset;\" data-sal=\"zoom-in\"><span aria-hidden=\"true\" class=\"wp-block-cover__background has-palette-color-9-background-color has-background-dim-80 has-background-dim\"><\/span><div class=\"wp-block-cover__inner-container is-layout-flow wp-block-cover-is-layout-flow\">\n<div class=\"wp-block-group is-vertical is-content-justification-left is-layout-flex wp-container-core-group-is-layout-88f9f6f8 wp-block-group-is-layout-flex\" style=\"padding-top:0;padding-right:var(--wp--preset--spacing--40);padding-bottom:0;padding-left:var(--wp--preset--spacing--40)\">\n<p class=\"has-text-align-right\">Schon ab<\/p>\n\n\n\n<div class=\"wp-block-group is-nowrap is-layout-flex wp-container-core-group-is-layout-c0d5ccf6 wp-block-group-is-layout-flex\">\n<p class=\"has-text-align-right\" style=\"font-size:clamp(1.092em, 1.092rem + ((1vw - 0.2em) * 0.76), 1.7em);font-style:normal;font-weight:700;line-height:1\">67,90<\/p>\n\n\n\n<p><sup>\u20ac<\/sup><\/p>\n<\/div>\n<\/div>\n<\/div><\/div>\n<\/div>\n<\/div>\n\n\n\n<p>Erleben Sie den Weihnachtsmarkt mit exklusiven Vorteilen! Mit unserem VIP-Ticket erhalten Sie Einlass ab 17 Uhr \u00fcber einen separaten Eingang ohne Wartezeit und Zugang zu unserem beheizten VIP-Zelt. Dort erwarten Sie gem\u00fctliche Sitzgelegenheiten an B\u00e4nken und Tischen f\u00fcr Ihre Freunde und Kollegen, sowie eine eigene Gl\u00fchwein- und Getr\u00e4nkestation.<\/p>\n\n\n\n<div class=\"wp-block-group is-content-justification-right is-layout-constrained wp-container-core-group-is-layout-ceb9f318 wp-block-group-is-layout-constrained\" style=\"padding-right:var(--wp--preset--spacing--40);padding-left:var(--wp--preset--spacing--40)\">\n<div class=\"wp-block-cover is-light is-style-clickable has-aspect-ratio\" style=\"border-radius:10px;margin-bottom:-150px;padding-right:var(--wp--preset--spacing--60);padding-left:var(--wp--preset--spacing--60);min-height:500px;aspect-ratio:3\/2;min-height:unset;\"><video class=\"wp-block-cover__video-background intrinsic-ignore\" autoplay muted loop playsinline src=\"https:\/\/www.weihnachten-an-der-spree.de\/wp-content\/uploads\/2026\/04\/Weihnachten-an-der-Spree-VIP-Zelt-smaller.mp4\" poster=\"https:\/\/www.weihnachten-an-der-spree.de\/wp-content\/uploads\/2026\/04\/Weihnachten-an-der-Spree-VIP-Zelt-thumbnail.jpg\" data-object-fit=\"cover\"><\/video><span aria-hidden=\"true\" class=\"wp-block-cover__background has-palette-color-4-background-color has-background-dim-30 has-background-dim\"><\/span><div class=\"wp-block-cover__inner-container is-layout-constrained wp-container-core-cover-is-layout-56d0083a wp-block-cover-is-layout-constrained\">\n<div class=\"wp-block-group position-relative z-index-3 is-layout-constrained wp-container-core-group-is-layout-f6c3612c wp-block-group-is-layout-constrained\" style=\"margin-top:30px\">\n<div class=\"wp-block-group background-blur-5 liquid-glass hover-wobble has-border-color has-background is-vertical is-content-justification-center is-layout-flex wp-container-core-group-is-layout-ad750207 wp-block-group-is-layout-flex\" style=\"border-color:#f2f5f700;border-style:solid;border-width:1px;border-radius:100px;background-color:#0c18263b;min-height:90px;padding-top:0;padding-right:0;padding-bottom:0;padding-left:0;box-shadow:var(--wp--preset--shadow--deep)\">\n<div class=\"wp-block-outermost-icon-block items-justified-center is-style-fill-rect\"><div class=\"icon-container has-icon-color has-palette-color-8-color\" style=\"color:var(--theme-palette-color-8, #ffffff);width:20px;border-radius:100px;transform:rotate(0deg) scaleX(1) scaleY(1)\"><svg viewBox=\"-3 0 28 28\" xmlns=\"http:\/\/www.w3.org\/2000\/svg\" aria-label=\"Video abspielen\"><path d=\"M21.415 12.554 2.418.311C1.291-.296 0-.233 0 1.946v24.108c0 1.992 1.385 2.306 2.418 1.635l18.997-12.243c.782-.799.782-2.093 0-2.892\" fill=\"#000\" fill-rule=\"evenodd\"><\/path><\/svg><\/div><\/div>\n<\/div>\n<\/div>\n\n\n\n<p class=\"has-text-align-center has-palette-color-8-color has-text-color has-link-color wp-elements-d12e4a745482b0b3cbdd528da8b892a3\"><a href=\"#ct-popup-1699\" data-type=\"internal\" data-id=\"#ct-popup-1587\">Video abspielen<\/a><\/p>\n<\/div><\/div>\n<\/div>\n<\/div>\n<\/div>\n<\/div>\n\n\n\n<div style=\"height:100px\" aria-hidden=\"true\" class=\"wp-block-spacer\"><\/div>\n\n\n\n<h2 class=\"wp-block-heading\" id=\"speisen\">Gro\u00dfe Speisen &amp; Getr\u00e4nkeauswahl an \u00fcber 20 H\u00fctten<\/h2>\n\n\n\n<div class=\"wp-block-columns is-layout-flex wp-container-core-columns-is-layout-cf05694f wp-block-columns-is-layout-flex\">\n<div class=\"wp-block-column is-layout-flow wp-block-column-is-layout-flow\">\n<div class=\"wp-block-columns is-layout-flex wp-container-core-columns-is-layout-28f84493 wp-block-columns-is-layout-flex\">\n<div class=\"wp-block-column is-layout-flow wp-block-column-is-layout-flow\" style=\"flex-basis:50%\">\n<figure data-wp-context=\"{&quot;imageId&quot;:&quot;69f37dccdbade&quot;}\" data-wp-interactive=\"core\/image\" data-wp-key=\"69f37dccdbade\" class=\"wp-block-image size-medium wp-lightbox-container\"><img loading=\"lazy\" decoding=\"async\" width=\"768\" height=\"512\" data-wp-class--hide=\"state.isContentHidden\" data-wp-class--show=\"state.isContentVisible\" data-wp-init=\"callbacks.setButtonStyles\" data-wp-on--click=\"actions.showLightbox\" data-wp-on--load=\"callbacks.setButtonStyles\" data-wp-on-window--resize=\"callbacks.setButtonStyles\" src=\"https:\/\/www.weihnachten-an-der-spree.de\/wp-content\/uploads\/2025\/09\/2023-12-23-Berlin-Weihnachtsmarkt-2023-offenblende-TKR-0064-768x512.jpg\" alt=\"\" class=\"wp-image-15\" style=\"aspect-ratio:4\/3;object-fit:cover\" srcset=\"https:\/\/www.weihnachten-an-der-spree.de\/wp-content\/uploads\/2025\/09\/2023-12-23-Berlin-Weihnachtsmarkt-2023-offenblende-TKR-0064-768x512.jpg 768w, https:\/\/www.weihnachten-an-der-spree.de\/wp-content\/uploads\/2025\/09\/2023-12-23-Berlin-Weihnachtsmarkt-2023-offenblende-TKR-0064-1280x853.jpg 1280w, https:\/\/www.weihnachten-an-der-spree.de\/wp-content\/uploads\/2025\/09\/2023-12-23-Berlin-Weihnachtsmarkt-2023-offenblende-TKR-0064-1536x1024.jpg 1536w, https:\/\/www.weihnachten-an-der-spree.de\/wp-content\/uploads\/2025\/09\/2023-12-23-Berlin-Weihnachtsmarkt-2023-offenblende-TKR-0064-2048x1365.jpg 2048w\" sizes=\"auto, (max-width: 768px) 100vw, 768px\" \/><button\n\t\t\tclass=\"lightbox-trigger\"\n\t\t\ttype=\"button\"\n\t\t\taria-haspopup=\"dialog\"\n\t\t\taria-label=\"Enlarge\"\n\t\t\tdata-wp-init=\"callbacks.initTriggerButton\"\n\t\t\tdata-wp-on--click=\"actions.showLightbox\"\n\t\t\tdata-wp-style--right=\"state.imageButtonRight\"\n\t\t\tdata-wp-style--top=\"state.imageButtonTop\"\n\t\t>\n\t\t\t<svg xmlns=\"http:\/\/www.w3.org\/2000\/svg\" width=\"12\" height=\"12\" fill=\"none\" viewBox=\"0 0 12 12\">\n\t\t\t\t<path fill=\"#fff\" d=\"M2 0a2 2 0 0 0-2 2v2h1.5V2a.5.5 0 0 1 .5-.5h2V0H2Zm2 10.5H2a.5.5 0 0 1-.5-.5V8H0v2a2 2 0 0 0 2 2h2v-1.5ZM8 12v-1.5h2a.5.5 0 0 0 .5-.5V8H12v2a2 2 0 0 1-2 2H8Zm2-12a2 2 0 0 1 2 2v2h-1.5V2a.5.5 0 0 0-.5-.5H8V0h2Z\" \/>\n\t\t\t<\/svg>\n\t\t<\/button><\/figure>\n<\/div>\n\n\n\n<div class=\"wp-block-column is-layout-flow wp-block-column-is-layout-flow\" style=\"flex-basis:50%\">\n<h6 class=\"wp-block-heading\">SCHLEMMEN &amp; GENIE\u00dfEN<\/h6>\n\n\n\n<h4 class=\"wp-block-heading\" style=\"margin-top:0\">Speisen &amp; Getr\u00e4nke inklusive<\/h4>\n\n\n\n<p>Sie beginnen den Abend mit einem Hei\u00dfgetr\u00e4nk auf unserem Weihnachtsmarkt und&nbsp;k\u00f6nnen sich nach Herzenslust an allen St\u00e4nden durchprobieren. Alle Speisen und Getr\u00e4nke sind im Ticketpreis enthalten Neben einer weihnachtlichen Atmosph\u00e4re erwartet Sie der traumhafte Ausblick auf die Spree und die Berliner Oberbaumbr\u00fccke.<\/p>\n<\/div>\n<\/div>\n\n\n\n<figure class=\"wp-block-gallery has-nested-images columns-3 is-cropped wp-block-gallery-3 is-layout-flex wp-block-gallery-is-layout-flex\">\n<figure data-wp-context=\"{&quot;imageId&quot;:&quot;69f37dccdc31d&quot;}\" data-wp-interactive=\"core\/image\" data-wp-key=\"69f37dccdc31d\" class=\"wp-block-image size-medium wp-lightbox-container\"><img loading=\"lazy\" decoding=\"async\" width=\"768\" height=\"512\" data-wp-class--hide=\"state.isContentHidden\" data-wp-class--show=\"state.isContentVisible\" data-wp-init=\"callbacks.setButtonStyles\" data-wp-on--click=\"actions.showLightbox\" data-wp-on--load=\"callbacks.setButtonStyles\" data-wp-on-window--resize=\"callbacks.setButtonStyles\" data-id=\"36\" src=\"https:\/\/www.weihnachten-an-der-spree.de\/wp-content\/uploads\/2025\/09\/20241211-SPREESPEICHER-WEIHNACHTSMARKT-OFFENBLENDE-MB-068-768x512.jpg\" alt=\"\" class=\"wp-image-36\" srcset=\"https:\/\/www.weihnachten-an-der-spree.de\/wp-content\/uploads\/2025\/09\/20241211-SPREESPEICHER-WEIHNACHTSMARKT-OFFENBLENDE-MB-068-768x512.jpg 768w, https:\/\/www.weihnachten-an-der-spree.de\/wp-content\/uploads\/2025\/09\/20241211-SPREESPEICHER-WEIHNACHTSMARKT-OFFENBLENDE-MB-068-1280x853.jpg 1280w, https:\/\/www.weihnachten-an-der-spree.de\/wp-content\/uploads\/2025\/09\/20241211-SPREESPEICHER-WEIHNACHTSMARKT-OFFENBLENDE-MB-068-1536x1024.jpg 1536w, https:\/\/www.weihnachten-an-der-spree.de\/wp-content\/uploads\/2025\/09\/20241211-SPREESPEICHER-WEIHNACHTSMARKT-OFFENBLENDE-MB-068-2048x1365.jpg 2048w\" sizes=\"auto, (max-width: 768px) 100vw, 768px\" \/><button\n\t\t\tclass=\"lightbox-trigger\"\n\t\t\ttype=\"button\"\n\t\t\taria-haspopup=\"dialog\"\n\t\t\taria-label=\"Enlarge\"\n\t\t\tdata-wp-init=\"callbacks.initTriggerButton\"\n\t\t\tdata-wp-on--click=\"actions.showLightbox\"\n\t\t\tdata-wp-style--right=\"state.imageButtonRight\"\n\t\t\tdata-wp-style--top=\"state.imageButtonTop\"\n\t\t>\n\t\t\t<svg xmlns=\"http:\/\/www.w3.org\/2000\/svg\" width=\"12\" height=\"12\" fill=\"none\" viewBox=\"0 0 12 12\">\n\t\t\t\t<path fill=\"#fff\" d=\"M2 0a2 2 0 0 0-2 2v2h1.5V2a.5.5 0 0 1 .5-.5h2V0H2Zm2 10.5H2a.5.5 0 0 1-.5-.5V8H0v2a2 2 0 0 0 2 2h2v-1.5ZM8 12v-1.5h2a.5.5 0 0 0 .5-.5V8H12v2a2 2 0 0 1-2 2H8Zm2-12a2 2 0 0 1 2 2v2h-1.5V2a.5.5 0 0 0-.5-.5H8V0h2Z\" \/>\n\t\t\t<\/svg>\n\t\t<\/button><\/figure>\n\n\n\n<figure data-wp-context=\"{&quot;imageId&quot;:&quot;69f37dccdc6f1&quot;}\" data-wp-interactive=\"core\/image\" data-wp-key=\"69f37dccdc6f1\" class=\"wp-block-image size-medium wp-lightbox-container\"><img loading=\"lazy\" decoding=\"async\" width=\"768\" height=\"512\" data-wp-class--hide=\"state.isContentHidden\" data-wp-class--show=\"state.isContentVisible\" data-wp-init=\"callbacks.setButtonStyles\" data-wp-on--click=\"actions.showLightbox\" data-wp-on--load=\"callbacks.setButtonStyles\" data-wp-on-window--resize=\"callbacks.setButtonStyles\" data-id=\"35\" src=\"https:\/\/www.weihnachten-an-der-spree.de\/wp-content\/uploads\/2025\/09\/20241211-SPREESPEICHER-WEIHNACHTSMARKT-OFFENBLENDE-MB-057-768x512.jpg\" alt=\"\" class=\"wp-image-35\" srcset=\"https:\/\/www.weihnachten-an-der-spree.de\/wp-content\/uploads\/2025\/09\/20241211-SPREESPEICHER-WEIHNACHTSMARKT-OFFENBLENDE-MB-057-768x512.jpg 768w, https:\/\/www.weihnachten-an-der-spree.de\/wp-content\/uploads\/2025\/09\/20241211-SPREESPEICHER-WEIHNACHTSMARKT-OFFENBLENDE-MB-057-1280x853.jpg 1280w, https:\/\/www.weihnachten-an-der-spree.de\/wp-content\/uploads\/2025\/09\/20241211-SPREESPEICHER-WEIHNACHTSMARKT-OFFENBLENDE-MB-057-1536x1024.jpg 1536w, https:\/\/www.weihnachten-an-der-spree.de\/wp-content\/uploads\/2025\/09\/20241211-SPREESPEICHER-WEIHNACHTSMARKT-OFFENBLENDE-MB-057-2048x1365.jpg 2048w\" sizes=\"auto, (max-width: 768px) 100vw, 768px\" \/><button\n\t\t\tclass=\"lightbox-trigger\"\n\t\t\ttype=\"button\"\n\t\t\taria-haspopup=\"dialog\"\n\t\t\taria-label=\"Enlarge\"\n\t\t\tdata-wp-init=\"callbacks.initTriggerButton\"\n\t\t\tdata-wp-on--click=\"actions.showLightbox\"\n\t\t\tdata-wp-style--right=\"state.imageButtonRight\"\n\t\t\tdata-wp-style--top=\"state.imageButtonTop\"\n\t\t>\n\t\t\t<svg xmlns=\"http:\/\/www.w3.org\/2000\/svg\" width=\"12\" height=\"12\" fill=\"none\" viewBox=\"0 0 12 12\">\n\t\t\t\t<path fill=\"#fff\" d=\"M2 0a2 2 0 0 0-2 2v2h1.5V2a.5.5 0 0 1 .5-.5h2V0H2Zm2 10.5H2a.5.5 0 0 1-.5-.5V8H0v2a2 2 0 0 0 2 2h2v-1.5ZM8 12v-1.5h2a.5.5 0 0 0 .5-.5V8H12v2a2 2 0 0 1-2 2H8Zm2-12a2 2 0 0 1 2 2v2h-1.5V2a.5.5 0 0 0-.5-.5H8V0h2Z\" \/>\n\t\t\t<\/svg>\n\t\t<\/button><\/figure>\n\n\n\n<figure data-wp-context=\"{&quot;imageId&quot;:&quot;69f37dccdcaf3&quot;}\" data-wp-interactive=\"core\/image\" data-wp-key=\"69f37dccdcaf3\" class=\"wp-block-image size-medium wp-lightbox-container\"><img loading=\"lazy\" decoding=\"async\" width=\"768\" height=\"512\" data-wp-class--hide=\"state.isContentHidden\" data-wp-class--show=\"state.isContentVisible\" data-wp-init=\"callbacks.setButtonStyles\" data-wp-on--click=\"actions.showLightbox\" data-wp-on--load=\"callbacks.setButtonStyles\" data-wp-on-window--resize=\"callbacks.setButtonStyles\" data-id=\"1537\" src=\"https:\/\/www.weihnachten-an-der-spree.de\/wp-content\/uploads\/2026\/04\/2025-12-18-18-12-Weihnachten-an-der-Spree-offenblende-KEVI-0056-768x512.jpg\" alt=\"\" class=\"wp-image-1537\" srcset=\"https:\/\/www.weihnachten-an-der-spree.de\/wp-content\/uploads\/2026\/04\/2025-12-18-18-12-Weihnachten-an-der-Spree-offenblende-KEVI-0056-768x512.jpg 768w, https:\/\/www.weihnachten-an-der-spree.de\/wp-content\/uploads\/2026\/04\/2025-12-18-18-12-Weihnachten-an-der-Spree-offenblende-KEVI-0056-1280x853.jpg 1280w, https:\/\/www.weihnachten-an-der-spree.de\/wp-content\/uploads\/2026\/04\/2025-12-18-18-12-Weihnachten-an-der-Spree-offenblende-KEVI-0056-18x12.jpg 18w, https:\/\/www.weihnachten-an-der-spree.de\/wp-content\/uploads\/2026\/04\/2025-12-18-18-12-Weihnachten-an-der-Spree-offenblende-KEVI-0056-300x200.jpg 300w\" sizes=\"auto, (max-width: 768px) 100vw, 768px\" \/><button\n\t\t\tclass=\"lightbox-trigger\"\n\t\t\ttype=\"button\"\n\t\t\taria-haspopup=\"dialog\"\n\t\t\taria-label=\"Enlarge\"\n\t\t\tdata-wp-init=\"callbacks.initTriggerButton\"\n\t\t\tdata-wp-on--click=\"actions.showLightbox\"\n\t\t\tdata-wp-style--right=\"state.imageButtonRight\"\n\t\t\tdata-wp-style--top=\"state.imageButtonTop\"\n\t\t>\n\t\t\t<svg xmlns=\"http:\/\/www.w3.org\/2000\/svg\" width=\"12\" height=\"12\" fill=\"none\" viewBox=\"0 0 12 12\">\n\t\t\t\t<path fill=\"#fff\" d=\"M2 0a2 2 0 0 0-2 2v2h1.5V2a.5.5 0 0 1 .5-.5h2V0H2Zm2 10.5H2a.5.5 0 0 1-.5-.5V8H0v2a2 2 0 0 0 2 2h2v-1.5ZM8 12v-1.5h2a.5.5 0 0 0 .5-.5V8H12v2a2 2 0 0 1-2 2H8Zm2-12a2 2 0 0 1 2 2v2h-1.5V2a.5.5 0 0 0-.5-.5H8V0h2Z\" \/>\n\t\t\t<\/svg>\n\t\t<\/button><\/figure>\n<\/figure>\n\n\n\n<h2 class=\"wp-block-heading\">Deftiges oder S\u00fc\u00dfes&nbsp;aus unseren Weihnachtsh\u00fctten<\/h2>\n\n\n\n<div class=\"wp-block-columns is-layout-flex wp-container-core-columns-is-layout-28f84493 wp-block-columns-is-layout-flex\">\n<div class=\"wp-block-column is-layout-flow wp-block-column-is-layout-flow\" style=\"flex-basis:50%\">\n<div class=\"wp-block-group has-palette-color-1-color has-text-color has-background has-link-color wp-elements-f1f2ca1c4b5fb08770057be3172c7147 is-layout-constrained wp-block-group-is-layout-constrained\" style=\"border-top-left-radius:15px;border-top-right-radius:15px;border-bottom-left-radius:15px;border-bottom-right-radius:15px;background-color:#d9898933\">\n<p class=\"has-large-font-size\" style=\"margin-top:0;margin-bottom:0;line-height:1\">\ud83d\udd25<\/p>\n\n\n\n<p class=\"has-medium-font-size\" style=\"margin-top:0\"><strong>Deftige Speisen<\/strong><\/p>\n\n\n\n<ul class=\"wp-block-list is-style-with-lines\">\n<li>Finnisches Flammlachs-Baguette mit Meerrettich-Dillsauce<\/li>\n\n\n\n<li>Pulled Christmas Pork Burger mit Senfzwiebeln und Rotkraut<\/li>\n\n\n\n<li>Chili con Carne&nbsp;<\/li>\n\n\n\n<li>Winter Hot Dog mit Wildschweinbratwurst<\/li>\n\n\n\n<li>K\u00fcrbissuppe\ud83c\udf31<\/li>\n\n\n\n<li>Kartoffelpuffer \ud83c\udf31<\/li>\n\n\n\n<li>K\u00e4sesp\u00e4tzle mit R\u00f6stzwiebeln \ud83c\udf43&nbsp;<\/li>\n\n\n\n<li>Sp\u00e4tzle mit Gulasch<\/li>\n\n\n\n<li>Pilzpfanne \ud83c\udf31<\/li>\n\n\n\n<li>Leberk\u00e4se im Br\u00f6tchen \/ auch&nbsp;vegan erh\u00e4ltlich \ud83c\udf31<\/li>\n\n\n\n<li>Laugenbrezeln \ud83c\udf31<\/li>\n<\/ul>\n<\/div>\n<\/div>\n\n\n\n<div class=\"wp-block-column is-layout-flow wp-block-column-is-layout-flow\" style=\"flex-basis:50%\">\n<div class=\"wp-block-group has-text-color has-background has-link-color wp-elements-0230794cb47350ce1fd061edb8627481 is-vertical is-layout-flex wp-container-core-group-is-layout-fe9cc265 wp-block-group-is-layout-flex\" style=\"border-top-left-radius:15px;border-top-right-radius:15px;border-bottom-left-radius:15px;border-bottom-right-radius:15px;color:#6d5221;background-color:#caaa713d;min-height:100%\">\n<div class=\"wp-block-group wp-container-content-9cfa9a5a is-layout-constrained wp-block-group-is-layout-constrained\">\n<p class=\"has-large-font-size\" style=\"margin-top:0;margin-bottom:0;line-height:1\">\ud83e\uddc7<\/p>\n\n\n\n<p class=\"has-medium-font-size\" style=\"margin-top:0\"><strong>S\u00fc\u00dfe Speisen<\/strong><\/p>\n\n\n\n<ul class=\"wp-block-list is-style-with-lines wp-container-content-9cfa9a5a\">\n<li>Weihnachts-Cr\u00eapes&nbsp;\ud83c\udf43\n<ul class=\"wp-block-list\">\n<li>\u200bklassisch mit Schokoladensauce, Apfelmus, Zimtzucker, Sahne und mit Sauerrahm und gebratenem Speck<\/li>\n<\/ul>\n<\/li>\n\n\n\n<li>Waffeln mit Sahne, Kirschen, Vanillesauce&nbsp;\ud83c\udf43<\/li>\n\n\n\n<li>Quarkb\u00e4llchen&nbsp;\ud83c\udf43<\/li>\n\n\n\n<li>Gebrannte Mandeln&nbsp;\ud83c\udf31<\/li>\n\n\n\n<li>Germkn\u00f6del mit Pflaumenragout&nbsp;\ud83c\udf31<\/li>\n<\/ul>\n<\/div>\n\n\n\n<div class=\"wp-block-group is-nowrap is-layout-flex wp-container-core-group-is-layout-6c531013 wp-block-group-is-layout-flex\">\n<p class=\"has-small-font-size\">&nbsp; &nbsp; &nbsp;&nbsp;\ud83c\udf31&nbsp;= vegan&nbsp; &nbsp; &nbsp;&nbsp;\ud83c\udf43&nbsp;= vegetarisch<\/p>\n\n\n\n<div class=\"wp-block-buttons is-content-justification-right is-layout-flex wp-container-core-buttons-is-layout-15fe5ce5 wp-block-buttons-is-layout-flex\" style=\"padding-top:0;padding-bottom:0\">\n<div class=\"wp-block-button\"><a class=\"wp-block-button__link wp-element-button\" href=\"#ct-popup-868\">Allergene<\/a><\/div>\n<\/div>\n<\/div>\n<\/div>\n<\/div>\n<\/div>\n\n\n\n<div class=\"wp-block-group has-text-color has-background has-link-color wp-elements-9f42b056e134e7859bceeeb0109cefc5 is-layout-constrained wp-block-group-is-layout-constrained\" style=\"border-top-left-radius:15px;border-top-right-radius:15px;border-bottom-left-radius:15px;border-bottom-right-radius:15px;color:#0b5684;background-color:#2472a329\">\n<p class=\"has-large-font-size\" style=\"margin-top:0;margin-bottom:0;line-height:1\">\ud83c\udf77<\/p>\n\n\n\n<p class=\"has-medium-font-size\" style=\"margin-top:0\"><strong>Getr\u00e4nke<\/strong><\/p>\n\n\n\n<div class=\"wp-block-columns is-layout-flex wp-container-core-columns-is-layout-28f84493 wp-block-columns-is-layout-flex\">\n<div class=\"wp-block-column is-layout-flow wp-block-column-is-layout-flow\">\n<ul class=\"wp-block-list is-style-with-lines\">\n<li>Hei\u00dfgetr\u00e4nke<\/li>\n\n\n\n<li>Gl\u00fchwein &amp; Kinderpunsch<\/li>\n\n\n\n<li>Hei\u00dfe Schokolade<\/li>\n\n\n\n<li>Tee<\/li>\n<\/ul>\n<\/div>\n\n\n\n<div class=\"wp-block-column is-layout-flow wp-block-column-is-layout-flow\">\n<ul class=\"wp-block-list is-style-with-lines\">\n<li>Kaltgetr\u00e4nke<\/li>\n\n\n\n<li>alkoholfreie Getr\u00e4nke<\/li>\n\n\n\n<li>Bier<\/li>\n\n\n\n<li>Sekt<\/li>\n<\/ul>\n<\/div>\n\n\n\n<div class=\"wp-block-column is-layout-flow wp-block-column-is-layout-flow\">\n<ul class=\"wp-block-list is-style-with-lines\">\n<li>Gegen Aufpreis<\/li>\n\n\n\n<li>Obstler<\/li>\n\n\n\n<li>Gl\u00fchwein mit Schuss<\/li>\n\n\n\n<li>Shots u.v.m.<\/li>\n<\/ul>\n<\/div>\n<\/div>\n<\/div>\n<\/div>\n\n\n\n<div class=\"wp-block-column is-layout-flow wp-block-column-is-layout-flow\" style=\"flex-basis:20%\">\n<div class=\"wp-block-group is-layout-constrained wp-container-core-group-is-layout-55e71be1 wp-block-group-is-layout-constrained wp-container-4 is-position-sticky\" style=\"padding-top:var(--wp--preset--spacing--60);padding-bottom:var(--wp--preset--spacing--60)\">\n<div class=\"wp-block-buttons is-layout-flex wp-block-buttons-is-layout-flex\">\n<div class=\"wp-block-button has-custom-width wp-block-button__width-100\"><a class=\"wp-block-button__link wp-element-button\" href=\"https:\/\/share.hsforms.com\/1QKNAY67qT2OpYukhMTWpSg575wu\" style=\"padding-top:var(--wp--preset--spacing--40);padding-bottom:var(--wp--preset--spacing--40);font-style:normal;font-weight:700\" rel=\"noopener\">Warteliste f\u00fcr Vorverkauf<\/a><\/div>\n<\/div>\n\n\n\n<p class=\"has-medium-font-size\">ab 29,90 \u20ac pro Person<\/p>\n\n\n\n<p>alle Preise zzgl. Geb\u00fchren<\/p>\n<\/div>\n<\/div>\n<\/div>\n\n\n\n<div class=\"wp-block-group alignfull is-layout-flow wp-block-group-is-layout-flow\"><div class=\"wp-block-consenta-conditional wp-block-consenta-conditional-content\" data-consenta-conditional=\"1\" data-purpose=\"marketing\" id=\"cc-5450\">\n\n<div class=\"wp-block-group consenta-conditional-content is-layout-flow wp-block-group-is-layout-flow\" data-cc-zone=\"content\" data-cc-uid=\"cc-5450\">\n\n<div class=\"open-user-map \">\n\n  \n  \n  <!-- Map Container -->\n  <div class=\"oum-map-container\">\n    \n<div class=\"box-wrap map-size-default \">\n  \n  <div class=\"map-wrap\">\n    <div class=\"oum-loading-overlay\">\n      <div class=\"oum-loading-spinner\"><\/div>\n    <\/div>\n    <div id=\"map-20210929\" class=\"leaflet-map map-style_Custom1\" data-oum-tile-provider-container=\"openstreetmap\"><\/div>\n    \n    \n    \n    \n    \n    \n    <script type=\"text\/javascript\" id=\"oum-init-map\" data-category=\"functional\" class=\"cmplz-native\" data-oum-tile-provider=\"openstreetmap\">\n\n      map_el = `map-20210929`;\n\n      if(document.getElementById(map_el)) {\n        \/* Transfer PHP array to JS json *\/\n        var oum_all_locations = [{\"title\":\"Weihnachtsmarkt\",\"lat\":\"52.501396\",\"lng\":\"13.450015\",\"zoom\":\"17\",\"content\":\"Eingang Weihnachtsmarkt Weihnachtsmarkt weihnachtsmarkt-2\",\"icon\":\"https:\/\/www.weihnachten-an-der-spree.de\/wp-content\/plugins\/open-user-map\/src\/leaflet\/images\/marker-icon_default-2x.png\",\"types\":[],\"post_id\":\"1459\",\"address\":\"Eingang Weihnachtsmarkt\",\"text\":\"\",\"image\":\"https:\/\/www.weihnachten-an-der-spree.de\/wp-content\/uploads\/2026\/02\/2025-12-04-04-12-Weihnachten-an-der-Spree-offenblende-KEVI-0025-1280x853.jpg\",\"audio\":\"\",\"video\":\"\",\"custom_fields\":[],\"votes\":0,\"star_rating_avg\":0,\"star_rating_count\":0},{\"title\":\"Weihnachtsdinner\",\"lat\":\"52.501805\",\"lng\":\"13.449086\",\"zoom\":\"18\",\"content\":\"Eingang Weihnachtsdinner Weihnachtsdinner weihnachtsmarkt\",\"icon\":\"https:\/\/www.weihnachten-an-der-spree.de\/wp-content\/plugins\/open-user-map\/src\/leaflet\/images\/marker-icon_default-2x.png\",\"types\":[],\"post_id\":\"1322\",\"address\":\"Eingang Weihnachtsdinner\",\"text\":\"\",\"image\":\"https:\/\/www.weihnachten-an-der-spree.de\/wp-content\/uploads\/2026\/03\/2025-12-11-11-12-Weihnachten-an-der-Spree-offenblende-KEVI-0149-1280x853.jpg\",\"audio\":\"\",\"video\":\"\",\"custom_fields\":[],\"votes\":0,\"star_rating_avg\":0,\"star_rating_count\":0}];\n\n        \/\/ Wait for the main initialization function to be available, then call it\n        function oumWaitForMainInit() {\n          if (typeof oumInitializeMap === 'function') {\n            console.log('\ud83d\uddfa\ufe0f Open User Map: Starting');\n            \n            \/\/ Initialize the map\n            oumInitializeMap();\n          } else {\n            setTimeout(oumWaitForMainInit, 100);\n          }\n        }\n        \n        setTimeout(oumWaitForMainInit, 100);\n      }\n\n    <\/script>\n\n    <script type=\"text\/javascript\" id=\"oum-inline-js\" \n      data-category=\"functional\" \n      class=\"cmplz-native\" \n      data-minify=\"0\"\n      data-no-optimize=\"1\"\n      data-no-defer=\"1\"\n      data-no-combine=\"1\"\n      data-cfasync=\"false\"\n      data-pagespeed-no-defer\n      data-boot=\"1\">\n\n      map_el = `map-20210929`;\n\n      if(document.getElementById(map_el)) {\n\n        \/\/ Wait for OUMLoader to be defined\n        function oumLoading() {\n          if (typeof OUMLoader !== 'undefined') {\n            \/\/ Initialize loader for this map\n            OUMLoader.initLoader(map_el);\n\n            \/\/ Add event listener for map initialization complete\n            document.addEventListener('oum:map_initialized', function(e) {\n              if (e.detail.mapId === map_el) {\n                OUMLoader.setMapInitialized(map_el);\n              }\n            });\n          } else {\n            \/\/ If OUMLoader is not yet defined, wait and try again\n            setTimeout(oumLoading, 100);\n          }\n        }\n\n        \/\/ OUM Loading Spinner\n        oumLoading();\n\n        \/\/ OUM inline JS variables\n        var mapStyle = `Custom1`;\n        var oum_tile_provider_mapbox_key = ``;\n        var marker_icon_url = `https:\/\/www.weihnachten-an-der-spree.de\/wp-content\/plugins\/open-user-map\/src\/leaflet\/images\/marker-icon_default-2x.png`;\n        var marker_shadow_url = `https:\/\/www.weihnachten-an-der-spree.de\/wp-content\/plugins\/open-user-map\/src\/leaflet\/images\/marker-shadow.png`;\n        var oum_enable_scrollwheel_zoom_map = false;\n        var oum_enable_cluster = false;\n        var oum_enable_fullscreen = false;\n\n        var oum_enable_searchbar = false;\n        var oum_searchbar_type = `address`;\n\n        var oum_geosearch_selected_provider = ``; \n        var oum_geosearch_provider = `osm`;\n        var oum_geosearch_provider_geoapify_key = ``;\n        var oum_geosearch_provider_here_key = ``;\n        var oum_geosearch_provider_mapbox_key = ``;\n        \n        var oum_enable_searchaddress_button = false;\n        var oum_searchaddress_label = `Search for address`;\n\n        var oum_enable_searchmarkers_button = false;\n        var oum_searchmarkers_label = `Find marker`;\n        var oum_searchmarkers_zoom = `8`;\n\n        var oum_enable_currentlocation = false;\n        var oum_action_after_submit = `text`;\n        var thankyou_redirect = ``;\n        var start_lat = Number(52.5017402582);\n        var start_lng = Number(13.4486351481);\n        var start_zoom = Number(16.2);\n        \n        var oum_enable_fixed_map_bounds = ``;\n        var oum_use_settings_start_location = true;\n        var oum_has_regions = false;\n        var oum_enable_multiple_marker_types = `false`;\n        var oum_hide_filterbox = false;\n        var oum_hide_location_popup = false;\n        var oum_enable_address = `on`;\n        var oum_enable_address_autofill = ``;\n\n        \/\/ WordPress timezone for opening hours calculations\n        var oum_wordpress_timezone = `Europe\/Berlin`;\n\n        \/\/ Custom Image data\n        var oum_custom_image_url = ``;\n        var oum_custom_image_bounds = {\"north\":\"90\",\"south\":\"-90\",\"east\":\"180\",\"west\":\"-180\"};\n        var oum_custom_image_hide_tiles = false;\n        var oum_custom_image_background_color = `#ffffff`;\n\n        var oum_location = {};\n        var oum_custom_css = '';\n        var oum_custom_script = '';\n        var oum_max_image_filesize = 10;\n        var oumMap;\n        var oumMap2;\n\n        \/**\n         * Conditional Field Feature\n         * \n         * @param {string} sourceField - The source field selector\n         * @param {string} targetField - The target field selector\n         * @param {array} condShow - The values that should show the target field\n         * @param {array|null} condHide - The values that should hide the target field. If empty\/null\/undefined, the field will be hidden when condShow is not met.\n         *\/\n        var oumConditionalField = (sourceField, targetField, condShow, condHide = null) => {\n            const sourceElements = document.querySelectorAll(sourceField); \/\/ Select all radios\/checkboxes or single select\n            const targetElementWrapper = document.querySelector(targetField)?.parentElement; \/* works with custom fields only *\/\n\n            \/\/ Check if both sourceElements and targetElementWrapper exist\n            if (!sourceElements.length) {\n                console.warn(`OUM: Source field(s) not found: ${sourceField}`);\n                return;\n            }\n\n            if (!targetElementWrapper) {\n                console.warn(`OUM: Target field wrapper not found: ${targetField}`);\n                return;\n            }\n\n            \/* Event listener for change *\/\n            const onChangeHandler = function() {\n                \/\/ Get selected values for checkboxes and single selected value for radios\/select\n                const selectedValues = Array.from(sourceElements)\n                    .filter(element => element.checked || element.tagName === 'SELECT')\n                    .map(element => element.value);\n\n                const selectedValue = selectedValues[0]; \/\/ For radios and selects, we use only the first (and only) value\n\n                console.log('OUM: run condition', {selectedValue, sourceField, targetField, condShow, condHide});\n                \n                \/\/ Show or hide target field based on the selected value(s)\n                if (condShow.includes(selectedValue)) {\n                    \/\/ Show the field if condShow condition is met\n                    targetElementWrapper.style.display = 'block';\n                } else if (condHide && Array.isArray(condHide) && condHide.length > 0 && condHide.includes(selectedValue)) {\n                    \/\/ Hide the field if condHide is provided and condition is met\n                    targetElementWrapper.style.display = 'none';\n                } else if (!condHide || (Array.isArray(condHide) && condHide.length === 0)) {\n                    \/\/ If condHide is empty\/null\/undefined, hide the field when condShow is not met\n                    targetElementWrapper.style.display = 'none';\n                }\n            };\n\n            \/* Attach the event listener to each radio\/checkbox or select *\/\n            sourceElements.forEach(element => {\n                element.addEventListener('change', onChangeHandler);\n            });\n\n            \/* Trigger initially *\/\n            onChangeHandler(); \/\/ Call it directly to set initial state\n        };\n\n        \/**\n         * Add Custom Styles\n         *\/\n        \n                            \/* custom color *\/\n          oum_custom_css += `\n            .open-user-map .add-location #close-add-location-overlay:hover {color: #8b0000 !important}\n            .open-user-map .box-wrap .map-wrap .open-add-location-overlay {background-color: #8b0000 !important}\n            .open-user-map .box-wrap .map-wrap .open-add-location-overlay:hover,\n            .open-user-map .box-wrap .map-wrap .open-add-location-overlay:active {background-color: #7d0000 !important}\n            .open-user-map .box-wrap .map-wrap .oum-filter-controls .oum-filter-list .close-filter-list:hover {color: #8b0000 !important}\n            .open-user-map .oum-advanced-filter-button .oum-advanced-filter-content .close-advanced-filter:hover,\n            .open-user-map .oum-advanced-filter-panel .oum-advanced-filter-content .close-advanced-filter:hover {color: #8b0000 !important}\n            .open-user-map input.oum-switch[type=\"checkbox\"]:checked + label::before {background-color: #8b0000 !important}\n            .open-user-map .add-location .location-overlay-content #oum_add_location .oum-required-indicator {color: #8b0000 !important}\n            .open-user-map .add-location .location-overlay-content #oum_add_location h2 {color: #8b0000 !important}\n            .open-user-map .add-location .location-overlay-content #oum_add_location input[type=text]:focus,\n            .open-user-map .add-location .location-overlay-content #oum_add_location input[type=email]:focus,\n            .open-user-map .add-location .location-overlay-content #oum_add_location input[type=url]:focus,\n            .open-user-map .add-location .location-overlay-content #oum_add_location textarea:focus,\n            .open-user-map .add-location .location-overlay-content #oum_add_location select:focus {border-color: #8b0000 !important; box-shadow: 0 0 0 2px #8b00001a !important}\n            .open-user-map .add-location .location-overlay-content #oum_add_location_thankyou h3 {color: #8b0000 !important}\n            .open-user-map .oum_location_text a {color: #8b0000 !important}\n            .open-user-map .oum_location_text .oum_vote_button_wrap .oum_vote_button.voted {background: #8b0000 !important; border-color: #8b0000 !important;}\n            .open-user-map .oum-tabs {border-color: #8b0000 !important}\n            .open-user-map .oum-tabs .nav-item:hover {color: #8b0000 !important; border-color: #8b0000 !important}\n            .open-user-map .oum-tabs .nav-item.active {color: #8b0000 !important; border-color: #8b0000 !important}\n            .open-user-map .box-wrap .map-wrap .oum-attribution a {color: #8b0000 !important;}\n            \/* Submit Button *\/\n            .open-user-map .add-location .location-overlay-content #oum_add_location input[type=submit] {background-color: #8b0000 !important; border-color: #8b0000 !important;}\n            .open-user-map .add-location .location-overlay-content #oum_add_location input[type=submit]:hover,\n            .open-user-map .add-location .location-overlay-content #oum_add_location input[type=submit]:active {background-color: #7d0000 !important;}\n            \/* Message CTA Buttons *\/\n            .open-user-map .add-location .location-overlay-content #oum_add_location_thankyou button {background-color: #8b0000 !important; border-color: #8b0000 !important;}\n            .open-user-map .add-location .location-overlay-content #oum_add_location_thankyou button:hover,\n            .open-user-map .add-location .location-overlay-content #oum_add_location_thankyou button:active {background-color: #7d0000 !important;}\n            .open-user-map .add-location .location-overlay-content .oum-delete-confirmation button {background-color: #8b0000 !important; border-color: #8b0000 !important;}\n            .open-user-map .add-location .location-overlay-content .oum-delete-confirmation button:hover,\n            .open-user-map .add-location .location-overlay-content .oum-delete-confirmation button:active {background-color: #7d0000 !important;}\n            \/* Media Section Colors *\/\n            .open-user-map .add-location .location-overlay-content #oum_add_location .oum_media .media-upload label {color: #8b0000 !important}\n            .open-user-map .add-location .location-overlay-content #oum_add_location .oum_media .oum-image-upload .media-upload-top label .multi-upload-indicator {background: #8b0000 !important}\n            .open-user-map .add-location .location-overlay-content #oum_add_location .oum_media .oum-video-upload input[type=text]:hover {border-color: #8b0000 !important}\n            .open-user-map .add-location .location-overlay-content #oum_add_location .oum_media .oum-video-upload input[type=text]:focus {border-color: #8b0000 !important; box-shadow: 0 0 0 2px #8b00001a !important}\n            .open-user-map .add-location .location-overlay-content #oum_add_location .oum_media .image-preview-placeholder {border-color: #8b0000 !important; background: #8b00000a !important}\n            .open-user-map .add-location .location-overlay-content #oum_add_location .oum_media .oum-image-preview-grid .image-preview-item.dragging {border-color: #8b0000 !important}\n            \/* List Styles *\/\n            .open-user-map-locations-list .oum-locations-list-item .oum_location_text a {color: #8b0000 !important} \n            .open-user-map-locations-list .oum-locations-list-item .oum_location_text .oum_vote_button_wrap .oum_vote_button.voted {background: #8b0000 !important; border-color: #8b0000 !important;}`;\n\n        \n        \n          \/* custom map height *\/\n          oum_custom_css += `\n            .open-user-map .box-wrap > .map-wrap {padding: 0 !important; height: 500px !important; aspect-ratio: unset !important;}`;\n\n        \n        \n          \/* custom map height *\/\n          oum_custom_css += `\n            @media screen and (max-width: 768px) {.open-user-map .box-wrap > .map-wrap {padding: 0 !important; height: 500px !important; aspect-ratio: unset !important;}}`;\n\n        \n        var custom_style = document.createElement('style');\n\n        if (custom_style.styleSheet) {\n          custom_style.styleSheet.cssText = oum_custom_css;\n        } else {\n          custom_style.appendChild(document.createTextNode(oum_custom_css));\n        }\n\n        document.getElementsByTagName('head')[0].appendChild(custom_style);\n\n        \/* Add initial CSS to prevent flash of unstyled content *\/\n        var initialStyles = document.createElement('style');\n        initialStyles.textContent = `\n          .oum-hidden {\n            opacity: 0 !important;\n            visibility: hidden !important;\n            transition: opacity 0.3s ease, visibility 0.3s ease;\n          }\n          .oum-filter-controls,\n          .open-add-location-overlay,\n          #oum_filter_markers,\n          .oum-advanced-filter-button,\n          .oum-advanced-filter-panel,\n          .oum-sidebar {\n            opacity: 0;\n            visibility: hidden;\n            transition: opacity 0.3s ease, visibility 0.3s ease;\n          }\n          .oum-filter-controls.visible,\n          .open-add-location-overlay.visible,\n          #oum_filter_markers.visible,\n          .oum-advanced-filter-button.visible,\n          .oum-advanced-filter-panel.visible,\n          .oum-sidebar.visible {\n            opacity: 1;\n            visibility: visible;\n          }\n        `;\n        document.head.appendChild(initialStyles);\n\n      }\n    <\/script>\n\n  <\/div>\n\n<\/div>\n  <\/div>\n\n<\/div><\/div>\n\n\n\n<div class=\"wp-block-group consenta-conditional-fallback is-layout-constrained wp-block-group-is-layout-constrained\" data-cc-zone=\"fallback\" data-cc-uid=\"cc-5450\">\n<div class=\"wp-block-cover\"><img loading=\"lazy\" decoding=\"async\" width=\"1024\" height=\"1024\" class=\"wp-block-cover__image-background wp-image-1671\" alt=\"\" src=\"https:\/\/www.weihnachten-an-der-spree.de\/wp-content\/uploads\/2026\/04\/lageplan.jpg\" data-object-fit=\"cover\" srcset=\"https:\/\/www.weihnachten-an-der-spree.de\/wp-content\/uploads\/2026\/04\/lageplan.jpg 1024w, https:\/\/www.weihnachten-an-der-spree.de\/wp-content\/uploads\/2026\/04\/lageplan-768x768.jpg 768w, https:\/\/www.weihnachten-an-der-spree.de\/wp-content\/uploads\/2026\/04\/lageplan-300x300.jpg 300w, https:\/\/www.weihnachten-an-der-spree.de\/wp-content\/uploads\/2026\/04\/lageplan-12x12.jpg 12w\" sizes=\"auto, (max-width: 1024px) 100vw, 1024px\" \/><span aria-hidden=\"true\" class=\"wp-block-cover__background has-background-dim-70 has-background-dim\"><\/span><div class=\"wp-block-cover__inner-container is-layout-flow wp-block-cover-is-layout-flow\">\n<p class=\"has-text-align-center has-medium-font-size\">Der Inhalt ist gesperrt. Bitte die Marktingszwecke akzeptieren um freizuschalten.<\/p>\n\n\n<button type=\"button\" style=\"background:#0053c8;color:#fff;border:none;padding:9px 18px;border-radius:6px;font-size:13px;font-weight:600;cursor:pointer;\" class=\"wp-block-consenta-accept-button consenta-cc-btn consenta-cc-btn-primary aligncenter wp-block-consenta-accept-button\" data-consenta-accept-purpose=\"marketing\">\ud83d\udd13 Accept Marketing<\/button><\/div><\/div>\n<\/div>\n\n<script>\n(function(){\n    function check(){\n        var root = document.getElementById(\"cc-5450\");\n        if (!root) return;\n        var c = window.consenta && window.consenta.consent;\n        var groups = (c && c.groups) ? c.groups : [\"essential\"];\n        var ok = groups.indexOf(\"all\") > -1 || groups.indexOf(\"marketing\") > -1;\n        var ct = root.querySelector(\".consenta-conditional-content\");\n        var fb = root.querySelector(\".consenta-conditional-fallback\");\n        if (ct) ct.style.display = ok ? \"\" : \"none\";\n        if (fb) fb.style.display = ok ? \"none\" : \"\";\n    }\n    if (document.readyState === \"loading\") document.addEventListener(\"DOMContentLoaded\", check);\n    else check();\n    document.addEventListener(\"consenta\/save_consent\", function(){ setTimeout(check, 100); });\n})();\n<\/script><\/div><\/div>\n","protected":false},"excerpt":{"rendered":"<p>All inclusive Weihnachtsmarkt an der Spree Alle Speisen und Getr\u00e4nke inklusive Kommen Sie auf unseren exklusiven Weihnachtsmarkt direkt an der Spree. Es erwarten Sie weihnachtliche K\u00f6stlichkeiten, gem\u00fctliche Sitzecken sowie die M\u00f6glichkeit, beim Baumstammnageln oder Eisstockschie\u00dfen mit Ihren Freunden oder Kollegen den Abend abzurunden.&nbsp; * Achtung: Alle Preise zzgl. 5% Vorverkaufsgeb\u00fchren. Sie ergeben sich aus 3% [&hellip;]<\/p>\n","protected":false},"featured_media":1207,"template":"","meta":{"_acf_changed":false},"class_list":["post-653","angebot","type-angebot","status-publish","has-post-thumbnail","hentry"],"blocksy_meta":{"vertical_spacing_source":"custom","content_area_spacing":"none","styles_descriptor":{"styles":{"desktop":"","tablet":"","mobile":""},"google_fonts":[],"version":6},"content_style_source":"inherit"},"acf":[],"_links":{"self":[{"href":"https:\/\/www.weihnachten-an-der-spree.de\/en\/wp-json\/wp\/v2\/angebot\/653","targetHints":{"allow":["GET"]}}],"collection":[{"href":"https:\/\/www.weihnachten-an-der-spree.de\/en\/wp-json\/wp\/v2\/angebot"}],"about":[{"href":"https:\/\/www.weihnachten-an-der-spree.de\/en\/wp-json\/wp\/v2\/types\/angebot"}],"wp:featuredmedia":[{"embeddable":true,"href":"https:\/\/www.weihnachten-an-der-spree.de\/en\/wp-json\/wp\/v2\/media\/1207"}],"wp:attachment":[{"href":"https:\/\/www.weihnachten-an-der-spree.de\/en\/wp-json\/wp\/v2\/media?parent=653"}],"curies":[{"name":"wp","href":"https:\/\/api.w.org\/{rel}","templated":true}]}}