{"id":1564,"date":"2026-04-17T12:28:59","date_gmt":"2026-04-17T10:28:59","guid":{"rendered":"https:\/\/www.weihnachten-an-der-spree.de\/?page_id=1564"},"modified":"2026-04-17T12:29:00","modified_gmt":"2026-04-17T10:29:00","slug":"press","status":"publish","type":"page","link":"https:\/\/www.weihnachten-an-der-spree.de\/en\/presse\/","title":{"rendered":"Press"},"content":{"rendered":"<div class=\"wp-block-group alignfull is-layout-constrained wp-container-core-group-is-layout-19e250f3 wp-block-group-is-layout-constrained\">\n<div class=\"wp-block-group alignfull has-palette-color-3-background-color has-background is-layout-constrained wp-block-group-is-layout-constrained\" style=\"margin-top:0;margin-bottom:0\">\n<div class=\"wp-block-columns has-palette-color-8-color has-text-color has-link-color wp-elements-1dc2784a66a0a46080160e57e889fe31 is-layout-flex wp-container-core-columns-is-layout-2d7bb650 wp-block-columns-is-layout-flex\" style=\"margin-bottom:-100px\">\n<div class=\"wp-block-column is-layout-flow wp-container-core-column-is-layout-8a368f38 wp-block-column-is-layout-flow\">\n<div class=\"wp-block-group w-100 h-100 overflow-hidden is-vertical is-layout-flex wp-container-core-group-is-layout-fe9cc265 wp-block-group-is-layout-flex\" style=\"border-radius:10px;min-height:100%\">\n<div class=\"wp-block-cover has-custom-content-position is-position-bottom-center w-100 h-100 is-style-default has-aspect-ratio\" style=\"border-radius:0px;margin-top:0px;margin-bottom:-100px;padding-top:0;padding-bottom:0;min-height:417px;aspect-ratio:4\/3;min-height:unset;\"><img loading=\"lazy\" decoding=\"async\" width=\"2550\" height=\"1700\" class=\"wp-block-cover__image-background wp-image-544 size-full\" alt=\"\" src=\"https:\/\/www.weihnachten-an-der-spree.de\/wp-content\/uploads\/2025\/09\/2024-11-18-Berlin-Weihnachtsmarkt-Spreespeicher-Stralauer-Allee-2-offenblende-CW-0089.jpg\" data-object-fit=\"cover\" srcset=\"https:\/\/www.weihnachten-an-der-spree.de\/wp-content\/uploads\/2025\/09\/2024-11-18-Berlin-Weihnachtsmarkt-Spreespeicher-Stralauer-Allee-2-offenblende-CW-0089.jpg 2550w, https:\/\/www.weihnachten-an-der-spree.de\/wp-content\/uploads\/2025\/09\/2024-11-18-Berlin-Weihnachtsmarkt-Spreespeicher-Stralauer-Allee-2-offenblende-CW-0089-768x512.jpg 768w, https:\/\/www.weihnachten-an-der-spree.de\/wp-content\/uploads\/2025\/09\/2024-11-18-Berlin-Weihnachtsmarkt-Spreespeicher-Stralauer-Allee-2-offenblende-CW-0089-1280x853.jpg 1280w, https:\/\/www.weihnachten-an-der-spree.de\/wp-content\/uploads\/2025\/09\/2024-11-18-Berlin-Weihnachtsmarkt-Spreespeicher-Stralauer-Allee-2-offenblende-CW-0089-300x200.jpg 300w\" sizes=\"auto, (max-width: 2550px) 100vw, 2550px\" \/><span aria-hidden=\"true\" class=\"wp-block-cover__background has-background-dim-0 has-background-dim\" style=\"background-color:#70664f\"><\/span><div class=\"wp-block-cover__inner-container is-layout-constrained wp-block-cover-is-layout-constrained\">\n<p class=\"has-text-align-center has-large-font-size\"><\/p>\n<\/div><\/div>\n<\/div>\n<\/div>\n\n\n\n<div class=\"wp-block-column is-vertically-aligned-center is-layout-flow wp-block-column-is-layout-flow\">\n<div class=\"wp-block-group is-content-justification-left is-layout-constrained wp-container-core-group-is-layout-9c38405c wp-block-group-is-layout-constrained\">\n<h1 class=\"wp-block-heading\">Press<\/h1>\n<\/div>\n\n\n\n<h4 class=\"wp-block-heading\">Floating Christmas magic - \u201eChristmas on the Spree\u201c brings festive magic to the water<\/h4>\n<\/div>\n<\/div>\n<\/div>\n<\/div>\n\n\n\n<div style=\"height:36px\" aria-hidden=\"true\" class=\"wp-block-spacer\"><\/div>\n\n\n\n<p>Once again this year, \u201eChristmas on the Spree\u201c transforms the riverside promenade at the Oberbaumbr\u00fccke into a winter wonderland.<br>Fairytale world. For many Berliners and visitors, the all-inclusive Christmas market on the Spree has long since become a tradition.<br>With space to stroll around and a relaxed, festive atmosphere, it is the perfect place to enjoy the anticipation of<br>to enjoy Christmas to the full. Once again this year, many of the lovingly decorated huts, cosy<br>seating and the exclusive VIP tent on a gently swaying floating platform that transforms the Christmas market into a sparkling winter wonderland on the water. New this year: the all-inclusive Christmas dinner in a<br>winter-decorated event location with a private terrace on the Spree. Against the impressive backdrop of the Oberbaumbr\u00fccke<br>the Christmas dinner for magical winter evenings and invites visitors to enjoy Advent in a very special way. From 17 November to 30 December 2025, Christmas on the Spree will shine in its usual splendour.<\/p>\n\n\n\n<h2 class=\"wp-block-heading\">All ticket categories at a glance<\/h2>\n\n\n\n<div class=\"wp-block-group has-palette-color-3-background-color has-background is-layout-constrained wp-block-group-is-layout-constrained\"><div style=\"margin-top:var(--wp--preset--spacing--50);margin-bottom:var(--wp--preset--spacing--50);\" class=\"position-relative z-index-3 products-3 wp-block-blocksy-query has-background has-palette-color-3-background-color\" data-id=\"acabada7\"><div class=\"ct-posts-block\" data-prefix=\"angebot_archive\"><div class=\"entries\" data-archive=\"default\" data-layout=\"grid\" data-cards=\"boxed\" data-hover=\"zoom-in\"><article class=\"entry-card card-content post-653 angebot type-angebot status-publish has-post-thumbnail hentry\" ><a class=\"ct-media-container boundless-image has-hover-effect\" href=\"https:\/\/www.weihnachten-an-der-spree.de\/en\/angebot\/weihnachtsmarkt\/\" aria-label=\"Christmas market\"><img decoding=\"async\" width=\"768\" height=\"512\" src=\"https:\/\/www.weihnachten-an-der-spree.de\/wp-content\/uploads\/2026\/02\/2025-12-04-04-12-Weihnachten-an-der-Spree-offenblende-KEVI-0025-768x512.jpg\" class=\"attachment-medium size-medium wp-post-image\" alt=\"\" loading=\"lazy\" srcset=\"https:\/\/www.weihnachten-an-der-spree.de\/wp-content\/uploads\/2026\/02\/2025-12-04-04-12-Weihnachten-an-der-Spree-offenblende-KEVI-0025-768x512.jpg 768w, https:\/\/www.weihnachten-an-der-spree.de\/wp-content\/uploads\/2026\/02\/2025-12-04-04-12-Weihnachten-an-der-Spree-offenblende-KEVI-0025-1280x853.jpg 1280w, https:\/\/www.weihnachten-an-der-spree.de\/wp-content\/uploads\/2026\/02\/2025-12-04-04-12-Weihnachten-an-der-Spree-offenblende-KEVI-0025-300x200.jpg 300w, https:\/\/www.weihnachten-an-der-spree.de\/wp-content\/uploads\/2026\/02\/2025-12-04-04-12-Weihnachten-an-der-Spree-offenblende-KEVI-0025.jpg 1920w\" sizes=\"auto, (max-width: 768px) 100vw, 768px\" itemprop=\"image\" style=\"aspect-ratio: 16\/9;\" \/><\/a><h2 class=\"entry-title\"><a href=\"https:\/\/www.weihnachten-an-der-spree.de\/en\/angebot\/weihnachtsmarkt\/\" rel=\"bookmark\">Christmas market<\/a><\/h2><div class=\"ct-dynamic-data-layer\" data-field=\"vorteile:lRpbe2\"><ul class=\"is-style-checkmarks\"><li>Access to the Christmas market<\/li><li>\r\nExclusively outdoor<\/li><li>\r\nWarm fire barrels<\/li><li>\r\nAll food &amp; drinks included<\/li><\/ul><\/div><div class=\"ct-dynamic-data-layer\" data-field=\"preis:UBlFRs\">from 29,90 \u20ac<\/div><a class=\"entry-button wp-element-button ct-button\" href=\"https:\/\/www.weihnachten-an-der-spree.de\/en\/angebot\/weihnachtsmarkt\/\">Read more<svg width=\"17px\" height=\"17px\" viewbox=\"0 0 32 32\" fill=\"currentColor\"><path d=\"M 21.1875 9.28125 L 19.78125 10.71875 L 24.0625 15 L 4 15 L 4 17 L 24.0625 17 L 19.78125 21.28125 L 21.1875 22.71875 L 27.90625 16 Z \"><\/path><\/svg><span class=\"screen-reader-text\">Christmas market<\/span><\/a><\/article><article class=\"entry-card card-content post-652 angebot type-angebot status-publish has-post-thumbnail hentry\" ><a class=\"ct-media-container boundless-image has-hover-effect\" href=\"https:\/\/www.weihnachten-an-der-spree.de\/en\/angebot\/beheiztes-vip-zelt\/\" aria-label=\"Heated VIP tent\"><img decoding=\"async\" width=\"768\" height=\"512\" src=\"https:\/\/www.weihnachten-an-der-spree.de\/wp-content\/uploads\/2026\/02\/2025-12-04-04-12-Weihnachten-an-der-Spree-offenblende-KEVI-0157-vip-zelt-768x512.jpg\" class=\"attachment-medium size-medium wp-post-image\" alt=\"\" loading=\"lazy\" srcset=\"https:\/\/www.weihnachten-an-der-spree.de\/wp-content\/uploads\/2026\/02\/2025-12-04-04-12-Weihnachten-an-der-Spree-offenblende-KEVI-0157-vip-zelt-768x512.jpg 768w, https:\/\/www.weihnachten-an-der-spree.de\/wp-content\/uploads\/2026\/02\/2025-12-04-04-12-Weihnachten-an-der-Spree-offenblende-KEVI-0157-vip-zelt-1280x853.jpg 1280w, https:\/\/www.weihnachten-an-der-spree.de\/wp-content\/uploads\/2026\/02\/2025-12-04-04-12-Weihnachten-an-der-Spree-offenblende-KEVI-0157-vip-zelt-300x200.jpg 300w, https:\/\/www.weihnachten-an-der-spree.de\/wp-content\/uploads\/2026\/02\/2025-12-04-04-12-Weihnachten-an-der-Spree-offenblende-KEVI-0157-vip-zelt.jpg 1920w\" sizes=\"auto, (max-width: 768px) 100vw, 768px\" itemprop=\"image\" style=\"aspect-ratio: 16\/9;\" \/><\/a><h2 class=\"entry-title\"><a href=\"https:\/\/www.weihnachten-an-der-spree.de\/en\/angebot\/beheiztes-vip-zelt\/\" rel=\"bookmark\">Heated VIP tent<\/a><\/h2><div class=\"ct-dynamic-data-layer\" data-field=\"vorteile:lRpbe2\"><ul class=\"is-style-checkmarks\"><li>Access to the Christmas market<\/li><li>\r\nSeating at benches and tables<\/li><li>\r\nAccess to the heated VIP tent<\/li><li>\r\nAll food &amp; drinks included<\/li><\/ul><\/div><div class=\"ct-dynamic-data-layer\" data-field=\"preis:UBlFRs\">from 67,00 \u20ac<\/div><a class=\"entry-button wp-element-button ct-button\" href=\"https:\/\/www.weihnachten-an-der-spree.de\/en\/angebot\/beheiztes-vip-zelt\/\">Read more<svg width=\"17px\" height=\"17px\" viewbox=\"0 0 32 32\" fill=\"currentColor\"><path d=\"M 21.1875 9.28125 L 19.78125 10.71875 L 24.0625 15 L 4 15 L 4 17 L 24.0625 17 L 19.78125 21.28125 L 21.1875 22.71875 L 27.90625 16 Z \"><\/path><\/svg><span class=\"screen-reader-text\">Heated VIP tent<\/span><\/a><\/article><article class=\"entry-card card-content post-654 angebot type-angebot status-publish has-post-thumbnail hentry\" ><a class=\"ct-media-container boundless-image has-hover-effect\" href=\"https:\/\/www.weihnachten-an-der-spree.de\/en\/angebot\/indoor-weihnachtsdinner\/\" aria-label=\"Indoor Christmas dinner\"><img decoding=\"async\" width=\"768\" height=\"512\" src=\"https:\/\/www.weihnachten-an-der-spree.de\/wp-content\/uploads\/2026\/02\/2025-12-11-11-12-Weihnachten-an-der-Spree-offenblende-KEVI-0151-dinner-768x512.jpg\" class=\"attachment-medium size-medium wp-post-image\" alt=\"\" loading=\"lazy\" srcset=\"https:\/\/www.weihnachten-an-der-spree.de\/wp-content\/uploads\/2026\/02\/2025-12-11-11-12-Weihnachten-an-der-Spree-offenblende-KEVI-0151-dinner-768x512.jpg 768w, https:\/\/www.weihnachten-an-der-spree.de\/wp-content\/uploads\/2026\/02\/2025-12-11-11-12-Weihnachten-an-der-Spree-offenblende-KEVI-0151-dinner-1280x853.jpg 1280w, https:\/\/www.weihnachten-an-der-spree.de\/wp-content\/uploads\/2026\/02\/2025-12-11-11-12-Weihnachten-an-der-Spree-offenblende-KEVI-0151-dinner-300x200.jpg 300w, https:\/\/www.weihnachten-an-der-spree.de\/wp-content\/uploads\/2026\/02\/2025-12-11-11-12-Weihnachten-an-der-Spree-offenblende-KEVI-0151-dinner.jpg 1920w\" sizes=\"auto, (max-width: 768px) 100vw, 768px\" itemprop=\"image\" style=\"aspect-ratio: 16\/9;\" \/><\/a><h2 class=\"entry-title\"><a href=\"https:\/\/www.weihnachten-an-der-spree.de\/en\/angebot\/indoor-weihnachtsdinner\/\" rel=\"bookmark\">Indoor Christmas dinner<\/a><\/h2><div class=\"ct-dynamic-data-layer\" data-field=\"vorteile:lRpbe2\"><ul class=\"is-style-checkmarks\"><li>Heated event location<\/li><li>\r\nFixed seats<\/li><li>\r\nChristmas buffet<\/li><li>\r\nSeparate entrance<\/li><\/ul><\/div><div class=\"ct-dynamic-data-layer\" data-field=\"preis:UBlFRs\">from 79,00 \u20ac<\/div><a class=\"entry-button wp-element-button ct-button\" href=\"https:\/\/www.weihnachten-an-der-spree.de\/en\/angebot\/indoor-weihnachtsdinner\/\">Read more<svg width=\"17px\" height=\"17px\" viewbox=\"0 0 32 32\" fill=\"currentColor\"><path d=\"M 21.1875 9.28125 L 19.78125 10.71875 L 24.0625 15 L 4 15 L 4 17 L 24.0625 17 L 19.78125 21.28125 L 21.1875 22.71875 L 27.90625 16 Z \"><\/path><\/svg><span class=\"screen-reader-text\">Indoor Christmas dinner<\/span><\/a><\/article><\/div><\/div><\/div><\/div>\n\n\n\n<div class=\"wp-block-columns is-layout-flex wp-container-core-columns-is-layout-cf05694f wp-block-columns-is-layout-flex\">\n<div class=\"wp-block-column is-layout-flow wp-block-column-is-layout-flow\">\n<h2 class=\"wp-block-heading\">Highlights<\/h2>\n\n\n\n<p>The exclusive Christmas market is only accessible to ticket holders and combines a festive atmosphere with a special ambience. Floating huts, a VIP tent and atmospheric fire barrels create a unique setting. All food and drinks are included in the ticket and are served in the rustic Waldschenke pub and in spacious seating areas. Activities such as curling and tree-trunk nailing round off the programme - an atmospheric concept for company celebrations and private events.<\/p>\n<\/div>\n<\/div>\n\n\n\n<figure class=\"wp-block-gallery has-nested-images columns-3 is-cropped wp-block-gallery-1 is-layout-flex wp-block-gallery-is-layout-flex\">\n<figure data-wp-context=\"{&quot;imageId&quot;:&quot;69f71429f2ece&quot;}\" data-wp-interactive=\"core\/image\" data-wp-key=\"69f71429f2ece\" class=\"wp-block-image size-medium wp-lightbox-container\"><img loading=\"lazy\" decoding=\"async\" width=\"768\" height=\"512\" data-wp-class--hide=\"state.isContentHidden\" data-wp-class--show=\"state.isContentVisible\" data-wp-init=\"callbacks.setButtonStyles\" data-wp-on--click=\"actions.showLightbox\" data-wp-on--load=\"callbacks.setButtonStyles\" data-wp-on-window--resize=\"callbacks.setButtonStyles\" data-id=\"36\" src=\"https:\/\/www.weihnachten-an-der-spree.de\/wp-content\/uploads\/2025\/09\/20241211-SPREESPEICHER-WEIHNACHTSMARKT-OFFENBLENDE-MB-068-768x512.jpg\" alt=\"\" class=\"wp-image-36\" srcset=\"https:\/\/www.weihnachten-an-der-spree.de\/wp-content\/uploads\/2025\/09\/20241211-SPREESPEICHER-WEIHNACHTSMARKT-OFFENBLENDE-MB-068-768x512.jpg 768w, https:\/\/www.weihnachten-an-der-spree.de\/wp-content\/uploads\/2025\/09\/20241211-SPREESPEICHER-WEIHNACHTSMARKT-OFFENBLENDE-MB-068-1280x853.jpg 1280w, https:\/\/www.weihnachten-an-der-spree.de\/wp-content\/uploads\/2025\/09\/20241211-SPREESPEICHER-WEIHNACHTSMARKT-OFFENBLENDE-MB-068-1536x1024.jpg 1536w, https:\/\/www.weihnachten-an-der-spree.de\/wp-content\/uploads\/2025\/09\/20241211-SPREESPEICHER-WEIHNACHTSMARKT-OFFENBLENDE-MB-068-2048x1365.jpg 2048w\" sizes=\"auto, (max-width: 768px) 100vw, 768px\" \/><button\n\t\t\tclass=\"lightbox-trigger\"\n\t\t\ttype=\"button\"\n\t\t\taria-haspopup=\"dialog\"\n\t\t\taria-label=\"Enlarge\"\n\t\t\tdata-wp-init=\"callbacks.initTriggerButton\"\n\t\t\tdata-wp-on--click=\"actions.showLightbox\"\n\t\t\tdata-wp-style--right=\"state.imageButtonRight\"\n\t\t\tdata-wp-style--top=\"state.imageButtonTop\"\n\t\t>\n\t\t\t<svg xmlns=\"http:\/\/www.w3.org\/2000\/svg\" width=\"12\" height=\"12\" fill=\"none\" viewbox=\"0 0 12 12\">\n\t\t\t\t<path fill=\"#fff\" d=\"M2 0a2 2 0 0 0-2 2v2h1.5V2a.5.5 0 0 1 .5-.5h2V0H2Zm2 10.5H2a.5.5 0 0 1-.5-.5V8H0v2a2 2 0 0 0 2 2h2v-1.5ZM8 12v-1.5h2a.5.5 0 0 0 .5-.5V8H12v2a2 2 0 0 1-2 2H8Zm2-12a2 2 0 0 1 2 2v2h-1.5V2a.5.5 0 0 0-.5-.5H8V0h2Z\" \/>\n\t\t\t<\/svg>\n\t\t<\/button><\/figure>\n\n\n\n<figure data-wp-context=\"{&quot;imageId&quot;:&quot;69f71429f31e1&quot;}\" data-wp-interactive=\"core\/image\" data-wp-key=\"69f71429f31e1\" class=\"wp-block-image size-medium wp-lightbox-container\"><img loading=\"lazy\" decoding=\"async\" width=\"768\" height=\"512\" data-wp-class--hide=\"state.isContentHidden\" data-wp-class--show=\"state.isContentVisible\" data-wp-init=\"callbacks.setButtonStyles\" data-wp-on--click=\"actions.showLightbox\" data-wp-on--load=\"callbacks.setButtonStyles\" data-wp-on-window--resize=\"callbacks.setButtonStyles\" data-id=\"35\" src=\"https:\/\/www.weihnachten-an-der-spree.de\/wp-content\/uploads\/2025\/09\/20241211-SPREESPEICHER-WEIHNACHTSMARKT-OFFENBLENDE-MB-057-768x512.jpg\" alt=\"\" class=\"wp-image-35\" srcset=\"https:\/\/www.weihnachten-an-der-spree.de\/wp-content\/uploads\/2025\/09\/20241211-SPREESPEICHER-WEIHNACHTSMARKT-OFFENBLENDE-MB-057-768x512.jpg 768w, https:\/\/www.weihnachten-an-der-spree.de\/wp-content\/uploads\/2025\/09\/20241211-SPREESPEICHER-WEIHNACHTSMARKT-OFFENBLENDE-MB-057-1280x853.jpg 1280w, https:\/\/www.weihnachten-an-der-spree.de\/wp-content\/uploads\/2025\/09\/20241211-SPREESPEICHER-WEIHNACHTSMARKT-OFFENBLENDE-MB-057-1536x1024.jpg 1536w, https:\/\/www.weihnachten-an-der-spree.de\/wp-content\/uploads\/2025\/09\/20241211-SPREESPEICHER-WEIHNACHTSMARKT-OFFENBLENDE-MB-057-2048x1365.jpg 2048w\" sizes=\"auto, (max-width: 768px) 100vw, 768px\" \/><button\n\t\t\tclass=\"lightbox-trigger\"\n\t\t\ttype=\"button\"\n\t\t\taria-haspopup=\"dialog\"\n\t\t\taria-label=\"Enlarge\"\n\t\t\tdata-wp-init=\"callbacks.initTriggerButton\"\n\t\t\tdata-wp-on--click=\"actions.showLightbox\"\n\t\t\tdata-wp-style--right=\"state.imageButtonRight\"\n\t\t\tdata-wp-style--top=\"state.imageButtonTop\"\n\t\t>\n\t\t\t<svg xmlns=\"http:\/\/www.w3.org\/2000\/svg\" width=\"12\" height=\"12\" fill=\"none\" viewbox=\"0 0 12 12\">\n\t\t\t\t<path fill=\"#fff\" d=\"M2 0a2 2 0 0 0-2 2v2h1.5V2a.5.5 0 0 1 .5-.5h2V0H2Zm2 10.5H2a.5.5 0 0 1-.5-.5V8H0v2a2 2 0 0 0 2 2h2v-1.5ZM8 12v-1.5h2a.5.5 0 0 0 .5-.5V8H12v2a2 2 0 0 1-2 2H8Zm2-12a2 2 0 0 1 2 2v2h-1.5V2a.5.5 0 0 0-.5-.5H8V0h2Z\" \/>\n\t\t\t<\/svg>\n\t\t<\/button><\/figure>\n\n\n\n<figure data-wp-context=\"{&quot;imageId&quot;:&quot;69f71429f3490&quot;}\" data-wp-interactive=\"core\/image\" data-wp-key=\"69f71429f3490\" class=\"wp-block-image size-medium wp-lightbox-container\"><img loading=\"lazy\" decoding=\"async\" width=\"768\" height=\"511\" data-wp-class--hide=\"state.isContentHidden\" data-wp-class--show=\"state.isContentVisible\" data-wp-init=\"callbacks.setButtonStyles\" data-wp-on--click=\"actions.showLightbox\" data-wp-on--load=\"callbacks.setButtonStyles\" data-wp-on-window--resize=\"callbacks.setButtonStyles\" data-id=\"22\" src=\"https:\/\/www.weihnachten-an-der-spree.de\/wp-content\/uploads\/2025\/09\/2023-12-23-Berlin-Weihnachtsmarkt-2023-offenblende-TKR-0125-768x511.jpg\" alt=\"\" class=\"wp-image-22\" srcset=\"https:\/\/www.weihnachten-an-der-spree.de\/wp-content\/uploads\/2025\/09\/2023-12-23-Berlin-Weihnachtsmarkt-2023-offenblende-TKR-0125-768x511.jpg 768w, https:\/\/www.weihnachten-an-der-spree.de\/wp-content\/uploads\/2025\/09\/2023-12-23-Berlin-Weihnachtsmarkt-2023-offenblende-TKR-0125-1280x852.jpg 1280w, https:\/\/www.weihnachten-an-der-spree.de\/wp-content\/uploads\/2025\/09\/2023-12-23-Berlin-Weihnachtsmarkt-2023-offenblende-TKR-0125-1536x1023.jpg 1536w, https:\/\/www.weihnachten-an-der-spree.de\/wp-content\/uploads\/2025\/09\/2023-12-23-Berlin-Weihnachtsmarkt-2023-offenblende-TKR-0125-2048x1364.jpg 2048w\" sizes=\"auto, (max-width: 768px) 100vw, 768px\" \/><button\n\t\t\tclass=\"lightbox-trigger\"\n\t\t\ttype=\"button\"\n\t\t\taria-haspopup=\"dialog\"\n\t\t\taria-label=\"Enlarge\"\n\t\t\tdata-wp-init=\"callbacks.initTriggerButton\"\n\t\t\tdata-wp-on--click=\"actions.showLightbox\"\n\t\t\tdata-wp-style--right=\"state.imageButtonRight\"\n\t\t\tdata-wp-style--top=\"state.imageButtonTop\"\n\t\t>\n\t\t\t<svg xmlns=\"http:\/\/www.w3.org\/2000\/svg\" width=\"12\" height=\"12\" fill=\"none\" viewbox=\"0 0 12 12\">\n\t\t\t\t<path fill=\"#fff\" d=\"M2 0a2 2 0 0 0-2 2v2h1.5V2a.5.5 0 0 1 .5-.5h2V0H2Zm2 10.5H2a.5.5 0 0 1-.5-.5V8H0v2a2 2 0 0 0 2 2h2v-1.5ZM8 12v-1.5h2a.5.5 0 0 0 .5-.5V8H12v2a2 2 0 0 1-2 2H8Zm2-12a2 2 0 0 1 2 2v2h-1.5V2a.5.5 0 0 0-.5-.5H8V0h2Z\" \/>\n\t\t\t<\/svg>\n\t\t<\/button><\/figure>\n<\/figure>\n\n\n\n<div class=\"wp-block-group alignfull has-palette-color-3-background-color has-background is-layout-constrained wp-block-group-is-layout-constrained\" style=\"margin-top:0;margin-bottom:0\">\n<div class=\"wp-block-columns has-palette-color-8-color has-text-color has-link-color wp-elements-3402a07e7d6cbfb20efc276e857ec295 is-layout-flex wp-container-core-columns-is-layout-28f84493 wp-block-columns-is-layout-flex\">\n<div class=\"wp-block-column is-layout-flow wp-block-column-is-layout-flow\">\n<div class=\"wp-block-group w-100 h-100 overflow-hidden is-vertical is-layout-flex wp-container-core-group-is-layout-fe9cc265 wp-block-group-is-layout-flex\" style=\"border-radius:10px;min-height:100%\">\n<div class=\"wp-block-cover is-light has-custom-content-position is-position-bottom-center w-100 h-100 is-style-kenburns has-aspect-ratio\" style=\"border-radius:0px;min-height:417px;aspect-ratio:4\/3;min-height:unset;\"><img loading=\"lazy\" decoding=\"async\" width=\"2560\" height=\"1707\" class=\"wp-block-cover__image-background wp-image-1569 size-full\" alt=\"\" src=\"https:\/\/www.weihnachten-an-der-spree.de\/wp-content\/uploads\/2026\/04\/Lisa-Moeller-scaled.jpg\" data-object-fit=\"cover\" srcset=\"https:\/\/www.weihnachten-an-der-spree.de\/wp-content\/uploads\/2026\/04\/Lisa-Moeller-scaled.jpg 2560w, https:\/\/www.weihnachten-an-der-spree.de\/wp-content\/uploads\/2026\/04\/Lisa-Moeller-768x512.jpg 768w, https:\/\/www.weihnachten-an-der-spree.de\/wp-content\/uploads\/2026\/04\/Lisa-Moeller-1280x854.jpg 1280w, https:\/\/www.weihnachten-an-der-spree.de\/wp-content\/uploads\/2026\/04\/Lisa-Moeller-18x12.jpg 18w, https:\/\/www.weihnachten-an-der-spree.de\/wp-content\/uploads\/2026\/04\/Lisa-Moeller-300x200.jpg 300w\" sizes=\"auto, (max-width: 2560px) 100vw, 2560px\" \/><span aria-hidden=\"true\" class=\"wp-block-cover__background has-background-dim-0 has-background-dim\" style=\"background-color:#9a8274\"><\/span><div class=\"wp-block-cover__inner-container is-layout-constrained wp-block-cover-is-layout-constrained\">\n<p class=\"has-text-align-center has-large-font-size\"><\/p>\n<\/div><\/div>\n<\/div>\n<\/div>\n\n\n\n<div class=\"wp-block-column is-vertically-aligned-center is-layout-flow wp-block-column-is-layout-flow\">\n<div class=\"wp-block-group is-content-justification-left is-layout-constrained wp-container-core-group-is-layout-9c38405c wp-block-group-is-layout-constrained\">\n<h1 class=\"wp-block-heading\">Lisa M\u00f6ller<\/h1>\n<\/div>\n\n\n\n<h4 class=\"wp-block-heading\">Press contact<\/h4>\n\n\n\n<p>Phone: 030 91738416<br>E-mail: support(at)weihnachten-an-der-spree.de<\/p>\n\n\n\n<p><\/p>\n<\/div>\n<\/div>\n\n\n\n<p><\/p>\n<\/div>","protected":false},"excerpt":{"rendered":"<p>Presse Schwimmender Weihnachtszauber &#8211; &#8222;Weihnachten an der Spree&#8220; bringt festliche Magie auf das Wasser Auch in diesem Jahr verwandelt \u201eWeihnachten an der Spree\u201c die Uferpromenade an der Oberbaumbr\u00fccke in eine winterlicheM\u00e4rchenwelt. F\u00fcr viele Berliner und Besucher ist der all inclusive Weihnachtsmarkt an der Spree l\u00e4ngst zur Tradition geworden.Mit Raum zum Schlendern und einer entspannten, festlichen [&hellip;]<\/p>\n","protected":false},"author":2,"featured_media":0,"parent":0,"menu_order":0,"comment_status":"closed","ping_status":"closed","template":"","meta":{"_acf_changed":false,"footnotes":""},"page_props":[],"class_list":["post-1564","page","type-page","status-publish","hentry"],"blocksy_meta":[],"acf":[],"_links":{"self":[{"href":"https:\/\/www.weihnachten-an-der-spree.de\/en\/wp-json\/wp\/v2\/pages\/1564","targetHints":{"allow":["GET"]}}],"collection":[{"href":"https:\/\/www.weihnachten-an-der-spree.de\/en\/wp-json\/wp\/v2\/pages"}],"about":[{"href":"https:\/\/www.weihnachten-an-der-spree.de\/en\/wp-json\/wp\/v2\/types\/page"}],"author":[{"embeddable":true,"href":"https:\/\/www.weihnachten-an-der-spree.de\/en\/wp-json\/wp\/v2\/users\/2"}],"replies":[{"embeddable":true,"href":"https:\/\/www.weihnachten-an-der-spree.de\/en\/wp-json\/wp\/v2\/comments?post=1564"}],"version-history":[{"count":1,"href":"https:\/\/www.weihnachten-an-der-spree.de\/en\/wp-json\/wp\/v2\/pages\/1564\/revisions"}],"predecessor-version":[{"id":1576,"href":"https:\/\/www.weihnachten-an-der-spree.de\/en\/wp-json\/wp\/v2\/pages\/1564\/revisions\/1576"}],"wp:attachment":[{"href":"https:\/\/www.weihnachten-an-der-spree.de\/en\/wp-json\/wp\/v2\/media?parent=1564"}],"wp:term":[{"taxonomy":"page_props","embeddable":true,"href":"https:\/\/www.weihnachten-an-der-spree.de\/en\/wp-json\/wp\/v2\/page_props?post=1564"}],"curies":[{"name":"wp","href":"https:\/\/api.w.org\/{rel}","templated":true}]}}