{"id":893,"date":"2025-10-13T14:55:45","date_gmt":"2025-10-13T12:55:45","guid":{"rendered":"https:\/\/www.weihnachten-an-der-spree.de\/?page_id=893"},"modified":"2026-03-09T09:50:37","modified_gmt":"2026-03-09T08:50:37","slug":"rent-exclusively","status":"publish","type":"page","link":"https:\/\/www.weihnachten-an-der-spree.de\/en\/exklusiv-mieten\/","title":{"rendered":"Rent exclusively"},"content":{"rendered":"\n<div class=\"wp-block-group has-palette-color-5-background-color has-background is-layout-constrained wp-container-core-group-is-layout-db32e940 wp-block-group-is-layout-constrained\" style=\"padding-top:var(--wp--preset--spacing--60);padding-right:var(--wp--preset--spacing--60);padding-bottom:var(--wp--preset--spacing--60);padding-left:var(--wp--preset--spacing--60)\">\n<div class=\"wp-block-columns is-layout-flex wp-container-core-columns-is-layout-cf05694f wp-block-columns-is-layout-flex\">\n<div class=\"wp-block-column is-layout-flow wp-block-column-is-layout-flow\" style=\"flex-basis:40%\">\n<p class=\"has-medium-font-size\">Sie m\u00f6chten unser Indoor-Weihnachtsdinner exklusiv f\u00fcr Ihr Team-Event mieten? Dann nutzen Sie gerne unser Kontaktformular und wir melden uns schnellstm\u00f6glich mit einem unverbindlichen Angebot bei Ihnen.<\/p>\n\n\n\n<div class=\"wp-block-cover is-light has-custom-content-position is-position-top-center lmdm-v-slider has-aspect-ratio\" style=\"padding-top:0;padding-right:0;padding-bottom:0;padding-left:0;aspect-ratio:1;min-height:unset;\"><span aria-hidden=\"true\" class=\"wp-block-cover__background has-background-dim-0 has-background-dim\"><\/span><div class=\"wp-block-cover__inner-container is-layout-constrained wp-container-core-cover-is-layout-639b5052 wp-block-cover-is-layout-constrained\">\n<div class=\"wp-block-columns is-not-stacked-on-mobile is-layout-flex wp-container-core-columns-is-layout-87beb0d0 wp-block-columns-is-layout-flex\">\n<div class=\"wp-block-column is-layout-flow wp-block-column-is-layout-flow\">\n<div class=\"wp-block-group is-vertical is-content-justification-center is-layout-flex wp-container-core-group-is-layout-e714bfc5 wp-block-group-is-layout-flex\">\n<figure class=\"wp-block-image size-medium has-custom-border\"><img loading=\"lazy\" decoding=\"async\" width=\"768\" height=\"514\" src=\"https:\/\/www.weihnachten-an-der-spree.de\/wp-content\/uploads\/2025\/09\/533591_ef4665d1e660407aa47f1b3f1c7b2ecemv2-768x514.jpg\" alt=\"\" class=\"wp-image-94\" style=\"border-radius:10px;aspect-ratio:4\/3;object-fit:cover\" srcset=\"https:\/\/www.weihnachten-an-der-spree.de\/wp-content\/uploads\/2025\/09\/533591_ef4665d1e660407aa47f1b3f1c7b2ecemv2-768x514.jpg 768w, https:\/\/www.weihnachten-an-der-spree.de\/wp-content\/uploads\/2025\/09\/533591_ef4665d1e660407aa47f1b3f1c7b2ecemv2-300x201.jpg 300w, https:\/\/www.weihnachten-an-der-spree.de\/wp-content\/uploads\/2025\/09\/533591_ef4665d1e660407aa47f1b3f1c7b2ecemv2.jpg 1045w\" sizes=\"auto, (max-width: 768px) 100vw, 768px\" \/><\/figure>\n\n\n\n<figure class=\"wp-block-image size-medium has-custom-border\"><img loading=\"lazy\" decoding=\"async\" width=\"768\" height=\"512\" src=\"https:\/\/www.weihnachten-an-der-spree.de\/wp-content\/uploads\/2025\/09\/20f957_4264d58570ea404cab5337eb6d0edd9emv2-768x512.jpg\" alt=\"\" class=\"wp-image-92\" style=\"border-radius:10px;aspect-ratio:4\/3;object-fit:cover\" srcset=\"https:\/\/www.weihnachten-an-der-spree.de\/wp-content\/uploads\/2025\/09\/20f957_4264d58570ea404cab5337eb6d0edd9emv2-768x512.jpg 768w, https:\/\/www.weihnachten-an-der-spree.de\/wp-content\/uploads\/2025\/09\/20f957_4264d58570ea404cab5337eb6d0edd9emv2-300x200.jpg 300w, https:\/\/www.weihnachten-an-der-spree.de\/wp-content\/uploads\/2025\/09\/20f957_4264d58570ea404cab5337eb6d0edd9emv2.jpg 1125w\" sizes=\"auto, (max-width: 768px) 100vw, 768px\" \/><\/figure>\n\n\n\n<figure class=\"wp-block-image size-medium has-custom-border\"><img loading=\"lazy\" decoding=\"async\" width=\"768\" height=\"512\" src=\"https:\/\/www.weihnachten-an-der-spree.de\/wp-content\/uploads\/2025\/09\/20f957_28cd1b7aecf842dea05d9b81a8b39988mv2-768x512.jpg\" alt=\"\" class=\"wp-image-91\" style=\"border-radius:10px;aspect-ratio:4\/3;object-fit:cover\" srcset=\"https:\/\/www.weihnachten-an-der-spree.de\/wp-content\/uploads\/2025\/09\/20f957_28cd1b7aecf842dea05d9b81a8b39988mv2-768x512.jpg 768w, https:\/\/www.weihnachten-an-der-spree.de\/wp-content\/uploads\/2025\/09\/20f957_28cd1b7aecf842dea05d9b81a8b39988mv2-1280x853.jpg 1280w, https:\/\/www.weihnachten-an-der-spree.de\/wp-content\/uploads\/2025\/09\/20f957_28cd1b7aecf842dea05d9b81a8b39988mv2-300x200.jpg 300w, https:\/\/www.weihnachten-an-der-spree.de\/wp-content\/uploads\/2025\/09\/20f957_28cd1b7aecf842dea05d9b81a8b39988mv2.jpg 1536w\" sizes=\"auto, (max-width: 768px) 100vw, 768px\" \/><\/figure>\n\n\n\n<figure class=\"wp-block-image size-medium has-custom-border\"><img loading=\"lazy\" decoding=\"async\" width=\"768\" height=\"514\" src=\"https:\/\/www.weihnachten-an-der-spree.de\/wp-content\/uploads\/2025\/09\/20f957_9e8e5da4ed724e0e85cf07bada7060b7mv2-768x514.jpg\" alt=\"\" class=\"wp-image-90\" style=\"border-radius:10px;aspect-ratio:4\/3;object-fit:cover\" srcset=\"https:\/\/www.weihnachten-an-der-spree.de\/wp-content\/uploads\/2025\/09\/20f957_9e8e5da4ed724e0e85cf07bada7060b7mv2-768x514.jpg 768w, https:\/\/www.weihnachten-an-der-spree.de\/wp-content\/uploads\/2025\/09\/20f957_9e8e5da4ed724e0e85cf07bada7060b7mv2-300x201.jpg 300w, https:\/\/www.weihnachten-an-der-spree.de\/wp-content\/uploads\/2025\/09\/20f957_9e8e5da4ed724e0e85cf07bada7060b7mv2.jpg 1120w\" sizes=\"auto, (max-width: 768px) 100vw, 768px\" \/><\/figure>\n\n\n\n<figure class=\"wp-block-image size-medium has-custom-border\"><img loading=\"lazy\" decoding=\"async\" width=\"768\" height=\"514\" src=\"https:\/\/www.weihnachten-an-der-spree.de\/wp-content\/uploads\/2025\/09\/533591_ef4665d1e660407aa47f1b3f1c7b2ecemv2-768x514.jpg\" alt=\"\" class=\"wp-image-94\" style=\"border-radius:10px;aspect-ratio:4\/3;object-fit:cover\" srcset=\"https:\/\/www.weihnachten-an-der-spree.de\/wp-content\/uploads\/2025\/09\/533591_ef4665d1e660407aa47f1b3f1c7b2ecemv2-768x514.jpg 768w, https:\/\/www.weihnachten-an-der-spree.de\/wp-content\/uploads\/2025\/09\/533591_ef4665d1e660407aa47f1b3f1c7b2ecemv2-300x201.jpg 300w, https:\/\/www.weihnachten-an-der-spree.de\/wp-content\/uploads\/2025\/09\/533591_ef4665d1e660407aa47f1b3f1c7b2ecemv2.jpg 1045w\" sizes=\"auto, (max-width: 768px) 100vw, 768px\" \/><\/figure>\n\n\n\n<figure class=\"wp-block-image size-medium has-custom-border\"><img loading=\"lazy\" decoding=\"async\" width=\"768\" height=\"512\" src=\"https:\/\/www.weihnachten-an-der-spree.de\/wp-content\/uploads\/2025\/09\/20f957_4264d58570ea404cab5337eb6d0edd9emv2-768x512.jpg\" alt=\"\" class=\"wp-image-92\" style=\"border-radius:10px;aspect-ratio:4\/3;object-fit:cover\" srcset=\"https:\/\/www.weihnachten-an-der-spree.de\/wp-content\/uploads\/2025\/09\/20f957_4264d58570ea404cab5337eb6d0edd9emv2-768x512.jpg 768w, https:\/\/www.weihnachten-an-der-spree.de\/wp-content\/uploads\/2025\/09\/20f957_4264d58570ea404cab5337eb6d0edd9emv2-300x200.jpg 300w, https:\/\/www.weihnachten-an-der-spree.de\/wp-content\/uploads\/2025\/09\/20f957_4264d58570ea404cab5337eb6d0edd9emv2.jpg 1125w\" sizes=\"auto, (max-width: 768px) 100vw, 768px\" \/><\/figure>\n\n\n\n<figure class=\"wp-block-image size-medium has-custom-border\"><img loading=\"lazy\" decoding=\"async\" width=\"768\" height=\"512\" src=\"https:\/\/www.weihnachten-an-der-spree.de\/wp-content\/uploads\/2025\/09\/20f957_28cd1b7aecf842dea05d9b81a8b39988mv2-768x512.jpg\" alt=\"\" class=\"wp-image-91\" style=\"border-radius:10px;aspect-ratio:4\/3;object-fit:cover\" srcset=\"https:\/\/www.weihnachten-an-der-spree.de\/wp-content\/uploads\/2025\/09\/20f957_28cd1b7aecf842dea05d9b81a8b39988mv2-768x512.jpg 768w, https:\/\/www.weihnachten-an-der-spree.de\/wp-content\/uploads\/2025\/09\/20f957_28cd1b7aecf842dea05d9b81a8b39988mv2-1280x853.jpg 1280w, https:\/\/www.weihnachten-an-der-spree.de\/wp-content\/uploads\/2025\/09\/20f957_28cd1b7aecf842dea05d9b81a8b39988mv2-300x200.jpg 300w, https:\/\/www.weihnachten-an-der-spree.de\/wp-content\/uploads\/2025\/09\/20f957_28cd1b7aecf842dea05d9b81a8b39988mv2.jpg 1536w\" sizes=\"auto, (max-width: 768px) 100vw, 768px\" \/><\/figure>\n\n\n\n<figure class=\"wp-block-image size-medium has-custom-border\"><img loading=\"lazy\" decoding=\"async\" width=\"768\" height=\"514\" src=\"https:\/\/www.weihnachten-an-der-spree.de\/wp-content\/uploads\/2025\/09\/20f957_9e8e5da4ed724e0e85cf07bada7060b7mv2-768x514.jpg\" alt=\"\" class=\"wp-image-90\" style=\"border-radius:10px;aspect-ratio:4\/3;object-fit:cover\" srcset=\"https:\/\/www.weihnachten-an-der-spree.de\/wp-content\/uploads\/2025\/09\/20f957_9e8e5da4ed724e0e85cf07bada7060b7mv2-768x514.jpg 768w, https:\/\/www.weihnachten-an-der-spree.de\/wp-content\/uploads\/2025\/09\/20f957_9e8e5da4ed724e0e85cf07bada7060b7mv2-300x201.jpg 300w, https:\/\/www.weihnachten-an-der-spree.de\/wp-content\/uploads\/2025\/09\/20f957_9e8e5da4ed724e0e85cf07bada7060b7mv2.jpg 1120w\" sizes=\"auto, (max-width: 768px) 100vw, 768px\" \/><\/figure>\n<\/div>\n<\/div>\n\n\n\n<div class=\"wp-block-column is-layout-flow wp-block-column-is-layout-flow\">\n<div class=\"wp-block-group move-up is-vertical is-content-justification-center is-layout-flex wp-container-core-group-is-layout-e714bfc5 wp-block-group-is-layout-flex\">\n<figure class=\"wp-block-image size-medium has-custom-border\"><img loading=\"lazy\" decoding=\"async\" width=\"768\" height=\"512\" src=\"https:\/\/www.weihnachten-an-der-spree.de\/wp-content\/uploads\/2025\/09\/20241211-SPREESPEICHER-WEIHNACHTSMARKT-OFFENBLENDE-MB-169_updated-768x512.jpg\" alt=\"\" class=\"wp-image-144\" style=\"border-radius:10px;aspect-ratio:4\/3;object-fit:cover\" srcset=\"https:\/\/www.weihnachten-an-der-spree.de\/wp-content\/uploads\/2025\/09\/20241211-SPREESPEICHER-WEIHNACHTSMARKT-OFFENBLENDE-MB-169_updated-768x512.jpg 768w, https:\/\/www.weihnachten-an-der-spree.de\/wp-content\/uploads\/2025\/09\/20241211-SPREESPEICHER-WEIHNACHTSMARKT-OFFENBLENDE-MB-169_updated-300x200.jpg 300w, https:\/\/www.weihnachten-an-der-spree.de\/wp-content\/uploads\/2025\/09\/20241211-SPREESPEICHER-WEIHNACHTSMARKT-OFFENBLENDE-MB-169_updated.jpg 1248w\" sizes=\"auto, (max-width: 768px) 100vw, 768px\" \/><\/figure>\n\n\n\n<figure class=\"wp-block-image size-medium has-custom-border\"><img loading=\"lazy\" decoding=\"async\" width=\"768\" height=\"512\" src=\"https:\/\/www.weihnachten-an-der-spree.de\/wp-content\/uploads\/2025\/09\/20241211-SPREESPEICHER-WEIHNACHTSMARKT-OFFENBLENDE-MB-191_updated-768x512.jpg\" alt=\"\" class=\"wp-image-57\" style=\"border-radius:10px;aspect-ratio:4\/3;object-fit:cover\" srcset=\"https:\/\/www.weihnachten-an-der-spree.de\/wp-content\/uploads\/2025\/09\/20241211-SPREESPEICHER-WEIHNACHTSMARKT-OFFENBLENDE-MB-191_updated-768x512.jpg 768w, https:\/\/www.weihnachten-an-der-spree.de\/wp-content\/uploads\/2025\/09\/20241211-SPREESPEICHER-WEIHNACHTSMARKT-OFFENBLENDE-MB-191_updated.jpg 1248w\" sizes=\"auto, (max-width: 768px) 100vw, 768px\" \/><\/figure>\n\n\n\n<figure class=\"wp-block-image size-medium has-custom-border\"><img loading=\"lazy\" decoding=\"async\" width=\"768\" height=\"512\" src=\"https:\/\/www.weihnachten-an-der-spree.de\/wp-content\/uploads\/2025\/09\/20241211-SPREESPEICHER-WEIHNACHTSMARKT-OFFENBLENDE-MB-184_updated-768x512.jpg\" alt=\"\" class=\"wp-image-55\" style=\"border-radius:10px;aspect-ratio:4\/3;object-fit:cover\" srcset=\"https:\/\/www.weihnachten-an-der-spree.de\/wp-content\/uploads\/2025\/09\/20241211-SPREESPEICHER-WEIHNACHTSMARKT-OFFENBLENDE-MB-184_updated-768x512.jpg 768w, https:\/\/www.weihnachten-an-der-spree.de\/wp-content\/uploads\/2025\/09\/20241211-SPREESPEICHER-WEIHNACHTSMARKT-OFFENBLENDE-MB-184_updated.jpg 1248w\" sizes=\"auto, (max-width: 768px) 100vw, 768px\" \/><\/figure>\n\n\n\n<figure class=\"wp-block-image size-medium has-custom-border\"><img loading=\"lazy\" decoding=\"async\" width=\"768\" height=\"512\" src=\"https:\/\/www.weihnachten-an-der-spree.de\/wp-content\/uploads\/2025\/09\/20241211-SPREESPEICHER-WEIHNACHTSMARKT-OFFENBLENDE-MB-181-updated-768x512.jpg\" alt=\"\" class=\"wp-image-53\" style=\"border-radius:10px;aspect-ratio:4\/3;object-fit:cover\" srcset=\"https:\/\/www.weihnachten-an-der-spree.de\/wp-content\/uploads\/2025\/09\/20241211-SPREESPEICHER-WEIHNACHTSMARKT-OFFENBLENDE-MB-181-updated-768x512.jpg 768w, https:\/\/www.weihnachten-an-der-spree.de\/wp-content\/uploads\/2025\/09\/20241211-SPREESPEICHER-WEIHNACHTSMARKT-OFFENBLENDE-MB-181-updated.jpg 1248w\" sizes=\"auto, (max-width: 768px) 100vw, 768px\" \/><\/figure>\n\n\n\n<figure class=\"wp-block-image size-medium has-custom-border\"><img loading=\"lazy\" decoding=\"async\" width=\"768\" height=\"512\" src=\"https:\/\/www.weihnachten-an-der-spree.de\/wp-content\/uploads\/2025\/09\/20241211-SPREESPEICHER-WEIHNACHTSMARKT-OFFENBLENDE-MB-169_updated-768x512.jpg\" alt=\"\" class=\"wp-image-144\" style=\"border-radius:10px;aspect-ratio:4\/3;object-fit:cover\" srcset=\"https:\/\/www.weihnachten-an-der-spree.de\/wp-content\/uploads\/2025\/09\/20241211-SPREESPEICHER-WEIHNACHTSMARKT-OFFENBLENDE-MB-169_updated-768x512.jpg 768w, https:\/\/www.weihnachten-an-der-spree.de\/wp-content\/uploads\/2025\/09\/20241211-SPREESPEICHER-WEIHNACHTSMARKT-OFFENBLENDE-MB-169_updated-300x200.jpg 300w, https:\/\/www.weihnachten-an-der-spree.de\/wp-content\/uploads\/2025\/09\/20241211-SPREESPEICHER-WEIHNACHTSMARKT-OFFENBLENDE-MB-169_updated.jpg 1248w\" sizes=\"auto, (max-width: 768px) 100vw, 768px\" \/><\/figure>\n\n\n\n<figure class=\"wp-block-image size-medium has-custom-border\"><img loading=\"lazy\" decoding=\"async\" width=\"768\" height=\"512\" src=\"https:\/\/www.weihnachten-an-der-spree.de\/wp-content\/uploads\/2025\/09\/20241211-SPREESPEICHER-WEIHNACHTSMARKT-OFFENBLENDE-MB-191_updated-768x512.jpg\" alt=\"\" class=\"wp-image-57\" style=\"border-radius:10px;aspect-ratio:4\/3;object-fit:cover\" srcset=\"https:\/\/www.weihnachten-an-der-spree.de\/wp-content\/uploads\/2025\/09\/20241211-SPREESPEICHER-WEIHNACHTSMARKT-OFFENBLENDE-MB-191_updated-768x512.jpg 768w, https:\/\/www.weihnachten-an-der-spree.de\/wp-content\/uploads\/2025\/09\/20241211-SPREESPEICHER-WEIHNACHTSMARKT-OFFENBLENDE-MB-191_updated.jpg 1248w\" sizes=\"auto, (max-width: 768px) 100vw, 768px\" \/><\/figure>\n\n\n\n<figure class=\"wp-block-image size-medium has-custom-border\"><img loading=\"lazy\" decoding=\"async\" width=\"768\" height=\"512\" src=\"https:\/\/www.weihnachten-an-der-spree.de\/wp-content\/uploads\/2025\/09\/20241211-SPREESPEICHER-WEIHNACHTSMARKT-OFFENBLENDE-MB-184_updated-768x512.jpg\" alt=\"\" class=\"wp-image-55\" style=\"border-radius:10px;aspect-ratio:4\/3;object-fit:cover\" srcset=\"https:\/\/www.weihnachten-an-der-spree.de\/wp-content\/uploads\/2025\/09\/20241211-SPREESPEICHER-WEIHNACHTSMARKT-OFFENBLENDE-MB-184_updated-768x512.jpg 768w, https:\/\/www.weihnachten-an-der-spree.de\/wp-content\/uploads\/2025\/09\/20241211-SPREESPEICHER-WEIHNACHTSMARKT-OFFENBLENDE-MB-184_updated.jpg 1248w\" sizes=\"auto, (max-width: 768px) 100vw, 768px\" \/><\/figure>\n\n\n\n<figure class=\"wp-block-image size-medium has-custom-border\"><img loading=\"lazy\" decoding=\"async\" width=\"768\" height=\"512\" src=\"https:\/\/www.weihnachten-an-der-spree.de\/wp-content\/uploads\/2025\/09\/20241211-SPREESPEICHER-WEIHNACHTSMARKT-OFFENBLENDE-MB-181-updated-768x512.jpg\" alt=\"\" class=\"wp-image-53\" style=\"border-radius:10px;aspect-ratio:4\/3;object-fit:cover\" srcset=\"https:\/\/www.weihnachten-an-der-spree.de\/wp-content\/uploads\/2025\/09\/20241211-SPREESPEICHER-WEIHNACHTSMARKT-OFFENBLENDE-MB-181-updated-768x512.jpg 768w, https:\/\/www.weihnachten-an-der-spree.de\/wp-content\/uploads\/2025\/09\/20241211-SPREESPEICHER-WEIHNACHTSMARKT-OFFENBLENDE-MB-181-updated.jpg 1248w\" sizes=\"auto, (max-width: 768px) 100vw, 768px\" \/><\/figure>\n<\/div>\n<\/div>\n\n\n\n<div class=\"wp-block-column is-layout-flow wp-block-column-is-layout-flow\">\n<div class=\"wp-block-group is-vertical is-content-justification-center is-layout-flex wp-container-core-group-is-layout-e714bfc5 wp-block-group-is-layout-flex\">\n<figure class=\"wp-block-image size-medium has-custom-border\"><img loading=\"lazy\" decoding=\"async\" width=\"768\" height=\"512\" src=\"https:\/\/www.weihnachten-an-der-spree.de\/wp-content\/uploads\/2025\/09\/2024-11-18-Berlin-Weihnachtsmarkt-Spreespeicher-Stralauer-Allee-2-offenblende-CW-0089-768x512.jpg\" alt=\"\" class=\"wp-image-544\" style=\"border-radius:10px;aspect-ratio:4\/3;object-fit:cover\" srcset=\"https:\/\/www.weihnachten-an-der-spree.de\/wp-content\/uploads\/2025\/09\/2024-11-18-Berlin-Weihnachtsmarkt-Spreespeicher-Stralauer-Allee-2-offenblende-CW-0089-768x512.jpg 768w, https:\/\/www.weihnachten-an-der-spree.de\/wp-content\/uploads\/2025\/09\/2024-11-18-Berlin-Weihnachtsmarkt-Spreespeicher-Stralauer-Allee-2-offenblende-CW-0089-1280x853.jpg 1280w, https:\/\/www.weihnachten-an-der-spree.de\/wp-content\/uploads\/2025\/09\/2024-11-18-Berlin-Weihnachtsmarkt-Spreespeicher-Stralauer-Allee-2-offenblende-CW-0089-300x200.jpg 300w\" sizes=\"auto, (max-width: 768px) 100vw, 768px\" \/><\/figure>\n\n\n\n<figure class=\"wp-block-image size-medium has-custom-border\"><img loading=\"lazy\" decoding=\"async\" width=\"768\" height=\"512\" src=\"https:\/\/www.weihnachten-an-der-spree.de\/wp-content\/uploads\/2025\/09\/2024-11-18-Berlin-Weihnachtsmarkt-Spreespeicher-Stralauer-Allee-2-offenblende-CW-0018-768x512.jpg\" alt=\"\" class=\"wp-image-541\" style=\"border-radius:10px;aspect-ratio:4\/3;object-fit:cover\" srcset=\"https:\/\/www.weihnachten-an-der-spree.de\/wp-content\/uploads\/2025\/09\/2024-11-18-Berlin-Weihnachtsmarkt-Spreespeicher-Stralauer-Allee-2-offenblende-CW-0018-768x512.jpg 768w, https:\/\/www.weihnachten-an-der-spree.de\/wp-content\/uploads\/2025\/09\/2024-11-18-Berlin-Weihnachtsmarkt-Spreespeicher-Stralauer-Allee-2-offenblende-CW-0018-1280x853.jpg 1280w, https:\/\/www.weihnachten-an-der-spree.de\/wp-content\/uploads\/2025\/09\/2024-11-18-Berlin-Weihnachtsmarkt-Spreespeicher-Stralauer-Allee-2-offenblende-CW-0018-300x200.jpg 300w\" sizes=\"auto, (max-width: 768px) 100vw, 768px\" \/><\/figure>\n\n\n\n<figure class=\"wp-block-image size-medium has-custom-border\"><img loading=\"lazy\" decoding=\"async\" width=\"768\" height=\"512\" src=\"https:\/\/www.weihnachten-an-der-spree.de\/wp-content\/uploads\/2025\/09\/2024-11-18-Berlin-Weihnachtsmarkt-Spreespeicher-Stralauer-Allee-2-offenblende-CW-0016-768x512.jpg\" alt=\"\" class=\"wp-image-540\" style=\"border-radius:10px;aspect-ratio:4\/3;object-fit:cover\" srcset=\"https:\/\/www.weihnachten-an-der-spree.de\/wp-content\/uploads\/2025\/09\/2024-11-18-Berlin-Weihnachtsmarkt-Spreespeicher-Stralauer-Allee-2-offenblende-CW-0016-768x512.jpg 768w, https:\/\/www.weihnachten-an-der-spree.de\/wp-content\/uploads\/2025\/09\/2024-11-18-Berlin-Weihnachtsmarkt-Spreespeicher-Stralauer-Allee-2-offenblende-CW-0016-1280x853.jpg 1280w, https:\/\/www.weihnachten-an-der-spree.de\/wp-content\/uploads\/2025\/09\/2024-11-18-Berlin-Weihnachtsmarkt-Spreespeicher-Stralauer-Allee-2-offenblende-CW-0016-300x200.jpg 300w\" sizes=\"auto, (max-width: 768px) 100vw, 768px\" \/><\/figure>\n\n\n\n<figure class=\"wp-block-image size-medium has-custom-border\"><img loading=\"lazy\" decoding=\"async\" width=\"768\" height=\"512\" src=\"https:\/\/www.weihnachten-an-der-spree.de\/wp-content\/uploads\/2025\/09\/2023-12-23-Berlin-Weihnachtsmarkt-2023-offenblende-TKR-0082-768x512.jpg\" alt=\"\" class=\"wp-image-17\" style=\"border-radius:10px;aspect-ratio:4\/3;object-fit:cover\" srcset=\"https:\/\/www.weihnachten-an-der-spree.de\/wp-content\/uploads\/2025\/09\/2023-12-23-Berlin-Weihnachtsmarkt-2023-offenblende-TKR-0082-768x512.jpg 768w, https:\/\/www.weihnachten-an-der-spree.de\/wp-content\/uploads\/2025\/09\/2023-12-23-Berlin-Weihnachtsmarkt-2023-offenblende-TKR-0082-1280x853.jpg 1280w, https:\/\/www.weihnachten-an-der-spree.de\/wp-content\/uploads\/2025\/09\/2023-12-23-Berlin-Weihnachtsmarkt-2023-offenblende-TKR-0082-1536x1024.jpg 1536w, https:\/\/www.weihnachten-an-der-spree.de\/wp-content\/uploads\/2025\/09\/2023-12-23-Berlin-Weihnachtsmarkt-2023-offenblende-TKR-0082-2048x1365.jpg 2048w\" sizes=\"auto, (max-width: 768px) 100vw, 768px\" \/><\/figure>\n\n\n\n<figure class=\"wp-block-image size-medium has-custom-border\"><img loading=\"lazy\" decoding=\"async\" width=\"768\" height=\"512\" src=\"https:\/\/www.weihnachten-an-der-spree.de\/wp-content\/uploads\/2025\/09\/2024-11-18-Berlin-Weihnachtsmarkt-Spreespeicher-Stralauer-Allee-2-offenblende-CW-0089-768x512.jpg\" alt=\"\" class=\"wp-image-544\" style=\"border-radius:10px;aspect-ratio:4\/3;object-fit:cover\" srcset=\"https:\/\/www.weihnachten-an-der-spree.de\/wp-content\/uploads\/2025\/09\/2024-11-18-Berlin-Weihnachtsmarkt-Spreespeicher-Stralauer-Allee-2-offenblende-CW-0089-768x512.jpg 768w, https:\/\/www.weihnachten-an-der-spree.de\/wp-content\/uploads\/2025\/09\/2024-11-18-Berlin-Weihnachtsmarkt-Spreespeicher-Stralauer-Allee-2-offenblende-CW-0089-1280x853.jpg 1280w, https:\/\/www.weihnachten-an-der-spree.de\/wp-content\/uploads\/2025\/09\/2024-11-18-Berlin-Weihnachtsmarkt-Spreespeicher-Stralauer-Allee-2-offenblende-CW-0089-300x200.jpg 300w\" sizes=\"auto, (max-width: 768px) 100vw, 768px\" \/><\/figure>\n\n\n\n<figure class=\"wp-block-image size-medium has-custom-border\"><img loading=\"lazy\" decoding=\"async\" width=\"768\" height=\"512\" src=\"https:\/\/www.weihnachten-an-der-spree.de\/wp-content\/uploads\/2025\/09\/2024-11-18-Berlin-Weihnachtsmarkt-Spreespeicher-Stralauer-Allee-2-offenblende-CW-0018-768x512.jpg\" alt=\"\" class=\"wp-image-541\" style=\"border-radius:10px;aspect-ratio:4\/3;object-fit:cover\" srcset=\"https:\/\/www.weihnachten-an-der-spree.de\/wp-content\/uploads\/2025\/09\/2024-11-18-Berlin-Weihnachtsmarkt-Spreespeicher-Stralauer-Allee-2-offenblende-CW-0018-768x512.jpg 768w, https:\/\/www.weihnachten-an-der-spree.de\/wp-content\/uploads\/2025\/09\/2024-11-18-Berlin-Weihnachtsmarkt-Spreespeicher-Stralauer-Allee-2-offenblende-CW-0018-1280x853.jpg 1280w, https:\/\/www.weihnachten-an-der-spree.de\/wp-content\/uploads\/2025\/09\/2024-11-18-Berlin-Weihnachtsmarkt-Spreespeicher-Stralauer-Allee-2-offenblende-CW-0018-300x200.jpg 300w\" sizes=\"auto, (max-width: 768px) 100vw, 768px\" \/><\/figure>\n\n\n\n<figure class=\"wp-block-image size-medium has-custom-border\"><img loading=\"lazy\" decoding=\"async\" width=\"768\" height=\"512\" src=\"https:\/\/www.weihnachten-an-der-spree.de\/wp-content\/uploads\/2025\/09\/2024-11-18-Berlin-Weihnachtsmarkt-Spreespeicher-Stralauer-Allee-2-offenblende-CW-0016-768x512.jpg\" alt=\"\" class=\"wp-image-540\" style=\"border-radius:10px;aspect-ratio:4\/3;object-fit:cover\" srcset=\"https:\/\/www.weihnachten-an-der-spree.de\/wp-content\/uploads\/2025\/09\/2024-11-18-Berlin-Weihnachtsmarkt-Spreespeicher-Stralauer-Allee-2-offenblende-CW-0016-768x512.jpg 768w, https:\/\/www.weihnachten-an-der-spree.de\/wp-content\/uploads\/2025\/09\/2024-11-18-Berlin-Weihnachtsmarkt-Spreespeicher-Stralauer-Allee-2-offenblende-CW-0016-1280x853.jpg 1280w, https:\/\/www.weihnachten-an-der-spree.de\/wp-content\/uploads\/2025\/09\/2024-11-18-Berlin-Weihnachtsmarkt-Spreespeicher-Stralauer-Allee-2-offenblende-CW-0016-300x200.jpg 300w\" sizes=\"auto, (max-width: 768px) 100vw, 768px\" \/><\/figure>\n\n\n\n<figure class=\"wp-block-image size-medium has-custom-border\"><img loading=\"lazy\" decoding=\"async\" width=\"768\" height=\"512\" src=\"https:\/\/www.weihnachten-an-der-spree.de\/wp-content\/uploads\/2025\/09\/2023-12-23-Berlin-Weihnachtsmarkt-2023-offenblende-TKR-0082-768x512.jpg\" alt=\"\" class=\"wp-image-17\" style=\"border-radius:10px;aspect-ratio:4\/3;object-fit:cover\" srcset=\"https:\/\/www.weihnachten-an-der-spree.de\/wp-content\/uploads\/2025\/09\/2023-12-23-Berlin-Weihnachtsmarkt-2023-offenblende-TKR-0082-768x512.jpg 768w, https:\/\/www.weihnachten-an-der-spree.de\/wp-content\/uploads\/2025\/09\/2023-12-23-Berlin-Weihnachtsmarkt-2023-offenblende-TKR-0082-1280x853.jpg 1280w, https:\/\/www.weihnachten-an-der-spree.de\/wp-content\/uploads\/2025\/09\/2023-12-23-Berlin-Weihnachtsmarkt-2023-offenblende-TKR-0082-1536x1024.jpg 1536w, https:\/\/www.weihnachten-an-der-spree.de\/wp-content\/uploads\/2025\/09\/2023-12-23-Berlin-Weihnachtsmarkt-2023-offenblende-TKR-0082-2048x1365.jpg 2048w\" sizes=\"auto, (max-width: 768px) 100vw, 768px\" \/><\/figure>\n<\/div>\n<\/div>\n<\/div>\n<\/div><\/div>\n<\/div>\n\n\n\n<div class=\"wp-block-column is-layout-flow wp-block-column-is-layout-flow\">\n<div>[formidable id=&#8220;1&#8243;]<\/div>\n<\/div>\n<\/div>\n<\/div>\n","protected":false},"excerpt":{"rendered":"<p>Would you like to hire our indoor Christmas dinner exclusively for your team event? Then please use our contact form and we will get back to you as soon as possible with a non-binding offer.<\/p>","protected":false},"author":1,"featured_media":0,"parent":0,"menu_order":0,"comment_status":"closed","ping_status":"closed","template":"","meta":{"_acf_changed":false,"footnotes":""},"page_props":[],"class_list":["post-893","page","type-page","status-publish","hentry"],"blocksy_meta":[],"acf":[],"_links":{"self":[{"href":"https:\/\/www.weihnachten-an-der-spree.de\/en\/wp-json\/wp\/v2\/pages\/893","targetHints":{"allow":["GET"]}}],"collection":[{"href":"https:\/\/www.weihnachten-an-der-spree.de\/en\/wp-json\/wp\/v2\/pages"}],"about":[{"href":"https:\/\/www.weihnachten-an-der-spree.de\/en\/wp-json\/wp\/v2\/types\/page"}],"author":[{"embeddable":true,"href":"https:\/\/www.weihnachten-an-der-spree.de\/en\/wp-json\/wp\/v2\/users\/1"}],"replies":[{"embeddable":true,"href":"https:\/\/www.weihnachten-an-der-spree.de\/en\/wp-json\/wp\/v2\/comments?post=893"}],"version-history":[{"count":14,"href":"https:\/\/www.weihnachten-an-der-spree.de\/en\/wp-json\/wp\/v2\/pages\/893\/revisions"}],"predecessor-version":[{"id":1268,"href":"https:\/\/www.weihnachten-an-der-spree.de\/en\/wp-json\/wp\/v2\/pages\/893\/revisions\/1268"}],"wp:attachment":[{"href":"https:\/\/www.weihnachten-an-der-spree.de\/en\/wp-json\/wp\/v2\/media?parent=893"}],"wp:term":[{"taxonomy":"page_props","embeddable":true,"href":"https:\/\/www.weihnachten-an-der-spree.de\/en\/wp-json\/wp\/v2\/page_props?post=893"}],"curies":[{"name":"wp","href":"https:\/\/api.w.org\/{rel}","templated":true}]}}